{"id":759,"date":"2025-02-14T13:29:47","date_gmt":"2025-02-14T13:29:47","guid":{"rendered":"https:\/\/www.netzwerkdemenz-landkreisneunkirchen.de\/?page_id=759"},"modified":"2025-05-12T12:44:17","modified_gmt":"2025-05-12T12:44:17","slug":"2024-meldungen","status":"publish","type":"page","link":"https:\/\/www.netzwerkdemenz-landkreisneunkirchen.de\/?page_id=759","title":{"rendered":"2024 Meldungen"},"content":{"rendered":"\n    \n    <section class=\"u-clearfix u-custom-color-149 u-section-2\" id=\"block-4\">\n      <div class=\"u-clearfix u-sheet u-valign-middle u-sheet-1\">\n        <h2 class=\"u-align-left u-text u-text-default u-text-1\"> Unsere Nachrichten aus dem Jahr 2024<\/h2>\n      <\/div>\n    <\/section>\n    <section class=\"u-align-left u-clearfix u-lightbox u-white u-section-3\" id=\"2024Medikamentenwissen\">\n      <div class=\"u-clearfix u-sheet u-valign-middle-sm u-valign-middle-xs u-sheet-1\">\n        <img decoding=\"async\" class=\"u-border-3 u-border-custom-color-104 u-image u-image-contain u-image-round u-radius u-image-1\" src=\"https:\/\/www.netzwerkdemenz-landkreisneunkirchen.de\/wp-content\/uploads\/2025\/02\/Aushang_mit_QR-Code-1.webp\" alt=\"\" data-image-width=\"601\" data-image-height=\"850\">\n        <h2 class=\"u-align-left u-text u-text-1\"> 31. Oktober 2024<br>Befragung zu Medikamentenwissen und medikamentenbezogener Belastung bei Angeh\u00f6rigen von Demenzpatienten\n        <\/h2>\n        <p class=\"u-align-left u-text u-text-2\"> Das Team des Arbeitskreises f\u00fcr Klinische Pharmazie am Zentrum f\u00fcr Arzneimittelsicherheit der Universit\u00e4tsmedizin Leipzig f\u00fchrt derzeit eine deutschlandweite Studie&nbsp;zur Arzneimittelanwendung bei Menschen mit dementiellen Erkrankungen durch. Da Angeh\u00f6rige eine zentrale Rolle im Medikationsprozess von Menschen mit Demenz spielen, m\u00f6chten die Mitarbeitenden im Rahmen ihrer Studie genau&nbsp;diese Angeh\u00f6rigen befragen.<br>Die anonyme Befragung umfasst Themen wie das Wissen der Angeh\u00f6rigen \u00fcber die Medikamente der Demenzpatienten, die Belastung durch die Unterst\u00fctzung im Medikationsprozess sowie m\u00f6gliche Auswirkungen auf die Einnahme der eigenen Medikamente. Ziel der Studie ist es, Daten zu sammeln, die als Grundlage f\u00fcr zuk\u00fcnftige Beratungsstandards dienen sollen, um die Sicherheit der Arzneimitteltherapie und die Einnahmetreue zu verbessern.<br>Gerne k\u00f6nnen Sie das Team unterst\u00fctzen. N\u00e4here Informationen finden Sie in der zugeh\u00f6rigen Datei.\n        <\/p>\n        <p class=\"u-align-center u-text u-text-3\">\n          <a href=\"https:\/\/www.netzwerkdemenz-landkreisneunkirchen.de\/fileadmin\/user_upload\/demenz_nk\/News\/Aushang_mit_QR-Code.pdf\" class=\"u-border-none u-btn u-button-link u-button-style u-file-link u-hover-none u-none u-text-custom-color-87 u-text-hover-palette-4-base u-btn-1\" target=\"_blank\">Aushang mit QR-Code<\/a>\n        <\/p>\n        <a href=\"https:\/\/www.netzwerkdemenz-landkreisneunkirchen.de\/#meldungen\" class=\"u-border-2 u-border-custom-color-87 u-border-hover-custom-color-87 u-btn u-btn-round u-button-style u-custom-color-87 u-hover-white u-radius u-text-hover-custom-color-87 u-btn-2\">Z<span style=\"font-weight: 700;\"><\/span>ur\u00fcck\n        <\/a>\n      <\/div>\n    <\/section>\n    <section class=\"u-align-left u-clearfix u-custom-color-100 u-lightbox u-section-4\" id=\"2024Wachstum\">\n      <div class=\"u-clearfix u-sheet u-valign-middle-md u-valign-middle-sm u-valign-middle-xs u-sheet-1\">\n        <h2 class=\"u-align-left u-text u-text-1\"> 31. Oktober 2024<br>Das NetzwerkDemenz w\u00e4chst weiter\n        <\/h2>\n        <img decoding=\"async\" class=\"u-border-3 u-border-custom-color-87 u-image u-image-contain u-image-round u-radius u-image-1\" src=\"https:\/\/www.netzwerkdemenz-landkreisneunkirchen.de\/wp-content\/uploads\/2025\/02\/DSlg_Unterzeichnung-1.webp\" alt=\"\" data-image-width=\"500\" data-image-height=\"850\">\n        <p class=\"u-align-left u-text u-text-body-color u-text-2\"> Das NetzwerkDemenz im Landkreis Neunkirchen hat im Jahr 2024 drei neue Kooperationspartnerinnen und -partner willkommen gehei\u00dfen.<br>Den Anfang machte der Entlastungsdienst&nbsp;<a href=\"https:\/\/www.netzwerkdemenz-landkreisneunkirchen.de\/?page_id=510\" rel=\"noopener noreferrer\" class=\"u-border-none u-btn u-button-link u-button-style u-hover-none u-none u-text-custom-color-104 u-text-hover-palette-4-base u-btn-1\">Betreuungs- und Haushaltsservice empaso saar UG<\/a>, gefolgt von dem Tanzstudio \"Petras Tanztraum\". Im Oktober wurde \"Das Saarland lebt gesund - Landkreis Neunkirchen (Kreisgesundheitsamt)\" ebenfalls Kooperationspartner.Eine Auflistung aller Kooperationspartnerinnen und Kooperationspartner finden Sie&nbsp;<a href=\"https:\/\/www.netzwerkdemenz-landkreisneunkirchen.de\/fileadmin\/user_upload\/demenz_nk\/Netzwerk\/PDF\/Auflistung_Kooperationspartner_Kategorien_Stand_10.2024.pdf\" target=\"_blank\" class=\"external-link u-border-none u-btn u-button-link u-button-style u-file-link u-hover-none u-none u-text-custom-color-104 u-text-hover-palette-4-base u-btn-2\">hier <\/a>.&nbsp;\n        <\/p>\n        <a href=\"https:\/\/www.netzwerkdemenz-landkreisneunkirchen.de\/#meldungen\" class=\"u-border-none u-btn u-btn-round u-button-style u-custom-color-87 u-radius u-btn-3\">Z<span style=\"font-weight: 700;\"><\/span>ur\u00fcck\n        <\/a>\n        <p class=\"u-align-center u-small-text u-text u-text-variant u-text-3\">DSlg_Unterzeichnung<\/p>\n      <\/div>\n    <\/section>\n    <section class=\"u-align-left u-clearfix u-container-align-left u-section-5\" id=\"2024alpakas\">\n      <div class=\"u-clearfix u-sheet u-valign-middle-md u-valign-middle-sm u-valign-middle-xs u-sheet-1\">\n        <h2 class=\"u-align-left u-text u-text-1\"> 08. Oktober 2024<br>Begegnung mit Alpakas\n        <\/h2>\n        <p class=\"u-align-left u-text u-text-default u-text-2\"> Am 11. September 2024 hatte der Demenzverein zu einem Besuch auf der Alpakafarm in Mainzweiler eingeladen.<br>\n          <br>Drei Familien sind unserer Einladung gefolgt. Wir haben uns, nach kurzer Einf\u00fchrung von Frau Scherer, dann zusammen auf die Wiese zu den Alpakastuten mit ihren Fohlen begeben. Es wurden viele Fragen gestellt und ausf\u00fchrlich von Frau Scherer beantwortet. Die Alpakas haben sich immer wieder angen\u00e4hert und uns neugierig be\u00e4ugt und beschnuppert. Es sind sehr entspannte und friedliche Tiere, die Ruhe hat sich auf die ganze Gruppe \u00fcbertragen. Danach konnten wir noch unterschiedliche Wollarten ertasten.<br>\n          <br>Abschlie\u00dfend waren wir noch zu einem gem\u00fctlichen Beisammensein mit Kaffee und Geb\u00e4ck in unseren B\u00fcror\u00e4umen im Pauluseck 5 in Ottweiler. Wir haben ein paar sch\u00f6ne Stunden miteinander verbracht. Wir freuen uns auf die n\u00e4chste Begegnung mit den Alpakas im n\u00e4chsten Jahr.\n        <\/p>\n        <a href=\"https:\/\/www.netzwerkdemenz-landkreisneunkirchen.de\/#meldungen\" class=\"u-border-none u-btn u-btn-round u-button-style u-custom-color-105 u-radius u-btn-1\">Z<span style=\"font-weight: 700;\"><\/span>ur\u00fcck\n        <\/a>\n      <\/div>\n    <\/section>\n    <section class=\"u-align-left u-clearfix u-container-align-left u-custom-color-113 u-section-6\" id=\"2024Newsletter\">\n      <div class=\"u-clearfix u-sheet u-valign-middle u-sheet-1\">\n        <h2 class=\"u-align-left u-text u-text-1\"> 07. August 2024<br>Jetzt f\u00fcr den Newsletter anmelden!\n        <\/h2>\n        <p class=\"u-align-left u-text u-text-2\"> Wir - das NetzwerkDemenz - ver\u00f6ffentlichen ab dem 4. Quartal 2024 einen Newsletter. Wir m\u00f6chten ab Oktober 2024 mindestens einmal im Quartal unter anderem auf unsere Veranstaltungen aufmerksam machen, \u00fcber vergangene Aktivit\u00e4ten berichten, Informationen zu neu ver\u00f6ffentlichten Brosch\u00fcren weitergeben, hilfreiche Tipps ver\u00f6ffentlichen, und, und, und.<br>\n          <br>Wenn Sie unseren Newsletter abonnieren m\u00f6chten, k\u00f6nnen Sie dies&nbsp;<a href=\"https:\/\/20e08b39.sibforms.com\/serve\/MUIFABKQayw08UZD23H3xFncC6-2aqEqZvkN69YfFrVOpnA-XX7FSr-mgj3LthYI7KKODECzbu5IJzmLKDQ5SU6YTG9_ex9OD3X7JUDAVFwJM8VmA_Yl-eWjtfnlLa5gCbqdF4JMuz2F9TdpvKzrp8Perqsz2c7oPSXa4aILOqmDI4e20s5CmctXClQubmM8kr5dvqWEeYu0iRfi\" target=\"_blank\" class=\"external-link u-border-none u-btn u-button-link u-button-style u-hover-none u-none u-text-hover-palette-4-base u-text-palette-1-base u-btn-1\" title=\"\">hier<\/a>\n        <\/p>\n        <a href=\"\" class=\"u-border-none u-btn u-btn-round u-button-style u-custom-color-105 u-radius u-btn-2\">Z<span style=\"font-weight: 700;\"><\/span>ur\u00fcck\n        <\/a>\n      <\/div>\n    <\/section>\n    <section class=\"u-align-left u-clearfix u-lightbox u-section-7\" id=\"2024Vergiss\">\n      <div class=\"u-clearfix u-sheet u-sheet-1\">\n        <img decoding=\"async\" class=\"u-border-2 u-border-custom-color-147 u-expanded-width-xs u-image u-image-contain u-image-round u-radius u-image-1\" src=\"https:\/\/www.netzwerkdemenz-landkreisneunkirchen.de\/wp-content\/uploads\/2025\/02\/csm_Pflanzaktion_Vergiss-mein-nicht_2024_88cf2fd520-1.webp\" alt=\"\" data-image-width=\"1120\" data-image-height=\"850\">\n        <h2 class=\"u-align-left u-text u-text-1\"> 20. M\u00e4rz 2024<br> Neunkirchen bei \u201eVergi\u00df-Mein-Nicht\u201c dabei\n        <\/h2>\n        <p class=\"u-align-left u-text u-text-2\">\n          <span style=\"font-weight: 700;\">Schon l\u00e4ngst kein Tabu-Thema mehr: Landrat und B\u00fcrgermeister setzen ein Zeichen zur Sensibilisierung f\u00fcr das Thema Demenz<\/span>\n          <br>\n          <br>Bereits zum sechsten Mal findet die landesweite Pflanzaktion \u201eVergiss-Mein-Nicht\u201c im Rahmen der Sensibilisierungskampagne \u201eDemenz geht uns Alle an\u201c des Ministeriums f\u00fcr Soziales, Gesundheit, Frauen und Familie statt.<br>Im gesamten Saarland werden Vergiss-mein-nicht-Pflanzen als Symbol gegen das Vergessen gesetzt. Auch in diesem Jahr beteiligt sich der Landkreis Neunkirchen mit der Gemeinde Eppelborn an dieser Aktion.<br>\n          <br>Schon seit einigen Jahren pflanzt im M\u00e4rz Landrat S\u00f6ren Meng gemeinsam mit Eppelborns B\u00fcrgermeister Dr. Andreas Feld die zarten Fr\u00fchbl\u00fcher auf Finkenrech ein. Allein in Neunkirchen leben rund 3.000 Menschen mit Demenz, Tendenz steigend.<br>Die Notwendigkeit, das Thema \u00f6ffentlich direkt anzusprechen, wird immer dringlicher, um ein Bewusstsein f\u00fcr diese Krankheit zu schaffen, aufzukl\u00e4ren und gemeinsam L\u00f6sungen zu finden.<br>\n          <br>\u201eGalt Demenz vor einigen Jahren noch als Tabuthema, r\u00fcckt sie Dank Aktionen wie der allj\u00e4hrlichen Pflanzaktion zunehmend ins Bewusstsein der Gesellschaft. Im Landkreis Neunkirchen gibt es zahlreiche Anlaufstellen f\u00fcr demenzerkrankte Menschen und ihre Angeh\u00f6rigen, die f\u00fcr mehr Lebensqualit\u00e4t sorgen k\u00f6nnen.<br>Das Netzwerk Demenz, die Pflegest\u00fctzpunkte, unsere Leitstelle \u201e\u00c4lter werden\u201c, die Tr\u00e4ger und die \u00c4rzte leisten gro\u00dfartige Arbeit. Auch viele ehrenamtliche Helfer wie bei unserem Demenzverein unterst\u00fctzen, wo sie nur k\u00f6nnen\u201c, erkl\u00e4rt Landrat S\u00f6ren Meng. Auch B\u00fcrgermeister Dr. Andreas Feld hob die Wichtigkeit dieses Themas hervor:&nbsp;\u201eWenn es um Demenz geht, ist vor allem eines wichtig: Verst\u00e4ndnis! Verst\u00e4ndnis f\u00fcr die Menschen, die mit Demenz leben und auch f\u00fcr deren Angeh\u00f6rige.<br>Daher ist es richtig, das Thema durch Aktionen wie diese auch denjenigen vor Augen zu f\u00fchren, die vielleicht noch nicht betroffen sind.\u201c\n        <\/p>\n        <p class=\"u-align-left u-small-text u-text u-text-variant u-text-3\"> Damit das Thema Demenz st\u00e4rker in den Blickpunkt der \u00d6ffentlichkeit r\u00fcckt: Andreas Sauder von der Landesfachstelle Demenz, Landrat S\u00f6ren Meng, Eppelborns B\u00fcrgermeister Dr. Andreas Feld, Sabine Schmidt von der Leitstelle \u201e\u00c4lter werden\u201c und Ingrid Rixecker vom Demenzverein im Landkreis Neunkirchen (v.l.n.r.) pflanzen Vergiss-mein-nicht-Blumen auf Finkenrech (Bild: Landkreis Neunkirchen \/ Carolin Stauner)<\/p>\n        <a href=\"https:\/\/www.netzwerkdemenz-landkreisneunkirchen.de\/?page_id=78\" class=\"u-border-none u-btn u-btn-round u-button-style u-custom-color-105 u-radius u-btn-1\">Z<span style=\"font-weight: 700;\"><\/span>ur\u00fcck\n        <\/a>\n      <\/div>\n    <\/section>\n    \n    \n    \n    \n  \n","protected":false},"excerpt":{"rendered":"<p>Unsere Nachrichten aus dem Jahr 2024 31. Oktober 2024Befragung zu Medikamentenwissen und medikamentenbezogener Belastung bei Angeh\u00f6rigen von Demenzpatienten Das Team des Arbeitskreises f\u00fcr Klinische Pharmazie am Zentrum f\u00fcr Arzneimittelsicherheit der &hellip; <a href=\"https:\/\/www.netzwerkdemenz-landkreisneunkirchen.de\/?page_id=759\" class=\"more-link\">Continue reading<span class=\"screen-reader-text\"> &#8222;2024 Meldungen&#8220;<\/span><\/a><\/p>\n","protected":false},"author":1,"featured_media":0,"parent":0,"menu_order":9,"comment_status":"closed","ping_status":"closed","template":"","meta":{"footnotes":""},"class_list":["post-759","page","type-page","status-publish","hentry"],"_links":{"self":[{"href":"https:\/\/www.netzwerkdemenz-landkreisneunkirchen.de\/index.php?rest_route=\/wp\/v2\/pages\/759","targetHints":{"allow":["GET"]}}],"collection":[{"href":"https:\/\/www.netzwerkdemenz-landkreisneunkirchen.de\/index.php?rest_route=\/wp\/v2\/pages"}],"about":[{"href":"https:\/\/www.netzwerkdemenz-landkreisneunkirchen.de\/index.php?rest_route=\/wp\/v2\/types\/page"}],"author":[{"embeddable":true,"href":"https:\/\/www.netzwerkdemenz-landkreisneunkirchen.de\/index.php?rest_route=\/wp\/v2\/users\/1"}],"replies":[{"embeddable":true,"href":"https:\/\/www.netzwerkdemenz-landkreisneunkirchen.de\/index.php?rest_route=%2Fwp%2Fv2%2Fcomments&post=759"}],"version-history":[{"count":10,"href":"https:\/\/www.netzwerkdemenz-landkreisneunkirchen.de\/index.php?rest_route=\/wp\/v2\/pages\/759\/revisions"}],"predecessor-version":[{"id":2274,"href":"https:\/\/www.netzwerkdemenz-landkreisneunkirchen.de\/index.php?rest_route=\/wp\/v2\/pages\/759\/revisions\/2274"}],"wp:attachment":[{"href":"https:\/\/www.netzwerkdemenz-landkreisneunkirchen.de\/index.php?rest_route=%2Fwp%2Fv2%2Fmedia&parent=759"}],"curies":[{"name":"wp","href":"https:\/\/api.w.org\/{rel}","templated":true}]}}