{"id":78,"date":"2025-02-06T09:41:36","date_gmt":"2025-02-06T09:41:36","guid":{"rendered":"https:\/\/www.netzwerkdemenz-landkreisneunkirchen.de\/?page_id=78"},"modified":"2026-04-17T11:46:41","modified_gmt":"2026-04-17T11:46:41","slug":"aktuelle-meldungen","status":"publish","type":"page","link":"https:\/\/www.netzwerkdemenz-landkreisneunkirchen.de\/?page_id=78","title":{"rendered":"Archiv"},"content":{"rendered":"\n    \n    <section class=\"u-clearfix u-section-2\" id=\"sec-6492\">\n      <div class=\"u-clearfix u-sheet u-valign-middle-lg u-valign-middle-md u-valign-middle-xl u-sheet-1\">\n        <p class=\"u-hover-feature u-text u-text-custom-color-26 u-text-1\">\n          <a class=\"u-border-none u-btn u-button-link u-button-style u-hover-none u-none u-text-custom-color-26 u-text-hover-palette-4-base u-btn-1\" href=\"https:\/\/www.netzwerkdemenz-landkreisneunkirchen.de\/\">Netzwerk Demenz\/<\/a>&nbsp;<a href=\"https:\/\/www.netzwerkdemenz-landkreisneunkirchen.de\/?page_id=78\" class=\"u-border-none u-btn u-button-link u-button-style u-hover-none u-none u-text-custom-color-105 u-text-hover-palette-4-base u-btn-2\">Aktuell\/<\/a> Archiv\n        <\/p>\n      <\/div>\n      \n    <\/section>\n    <section class=\"u-clearfix u-section-3\" id=\"block-4\">\n      <div class=\"u-clearfix u-sheet u-sheet-1\">\n        <h2 class=\"u-align-left u-text u-text-1\">Archiv<\/h2>\n        <div class=\"u-expanded-width-md u-expanded-width-sm u-expanded-width-xs u-list u-list-1\">\n          <div class=\"u-repeater u-repeater-1\">\n            <div class=\"u-container-style u-list-item u-repeater-item u-list-item-1\">\n              <div class=\"u-container-layout u-similar-container u-valign-top u-container-layout-1\">\n                <a href=\"https:\/\/www.netzwerkdemenz-landkreisneunkirchen.de\/?page_id=3314\" class=\"u-border-2 u-border-custom-color-105 u-border-hover-custom-color-105 u-btn u-btn-round u-button-style u-custom-color-105 u-custom-item u-hover-white u-radius u-text-hover-custom-color-105 u-btn-1\">2026<\/a>\n              <\/div>\n            <\/div>\n            <div class=\"u-container-style u-list-item u-repeater-item u-list-item-2\">\n              <div class=\"u-container-layout u-similar-container u-valign-top u-container-layout-2\">\n                <a href=\"https:\/\/www.netzwerkdemenz-landkreisneunkirchen.de\/?page_id=3303\" class=\"u-border-2 u-border-custom-color-105 u-border-hover-custom-color-105 u-btn u-btn-round u-button-style u-custom-color-105 u-custom-item u-hover-white u-radius u-text-hover-custom-color-105 u-btn-2\">2025<\/a>\n              <\/div>\n            <\/div>\n            <div class=\"u-container-style u-list-item u-repeater-item u-list-item-3\">\n              <div class=\"u-container-layout u-similar-container u-valign-top u-container-layout-3\">\n                <a href=\"https:\/\/www.netzwerkdemenz-landkreisneunkirchen.de\/?page_id=759\" class=\"u-border-2 u-border-custom-color-105 u-border-hover-custom-color-105 u-btn u-btn-round u-button-style u-custom-color-105 u-custom-item u-hover-white u-radius u-text-hover-custom-color-105 u-btn-3\">2024<\/a>\n              <\/div>\n            <\/div>\n            <div class=\"u-container-style u-list-item u-repeater-item u-list-item-4\">\n              <div class=\"u-container-layout u-similar-container u-valign-top u-container-layout-4\">\n                <a href=\"https:\/\/www.netzwerkdemenz-landkreisneunkirchen.de\/?page_id=779\" class=\"u-border-2 u-border-custom-color-105 u-border-hover-custom-color-105 u-btn u-btn-round u-button-style u-custom-color-105 u-custom-item u-hover-white u-radius u-text-hover-custom-color-105 u-btn-4\">2023<\/a>\n              <\/div>\n            <\/div>\n            <div class=\"u-container-style u-list-item u-repeater-item u-list-item-5\">\n              <div class=\"u-container-layout u-similar-container u-valign-top u-container-layout-5\">\n                <a href=\"https:\/\/www.netzwerkdemenz-landkreisneunkirchen.de\/?page_id=787\" class=\"u-border-2 u-border-custom-color-105 u-border-hover-custom-color-105 u-btn u-btn-round u-button-style u-custom-color-105 u-custom-item u-hover-white u-radius u-text-hover-custom-color-105 u-btn-5\">2022<\/a>\n              <\/div>\n            <\/div>\n          <\/div>\n        <\/div>\n        <div class=\"u-expanded-width-sm u-expanded-width-xs u-list u-list-2\">\n          <div class=\"u-repeater u-repeater-2\">\n            <div class=\"u-container-align-center-sm u-container-align-left-xs u-container-style u-list-item u-repeater-item\">\n              <div class=\"u-container-layout u-similar-container u-valign-top u-container-layout-6\">\n                <a href=\"https:\/\/www.netzwerkdemenz-landkreisneunkirchen.de\/?page_id=797\" class=\"u-align-center-sm u-align-left-xs u-border-2 u-border-custom-color-105 u-border-hover-custom-color-105 u-btn u-btn-round u-button-style u-custom-color-105 u-custom-item u-hover-white u-radius u-text-hover-custom-color-105 u-btn-6\">2021<\/a>\n              <\/div>\n            <\/div>\n            <div class=\"u-container-align-center-sm u-container-align-left-xs u-container-style u-list-item u-repeater-item\">\n              <div class=\"u-container-layout u-similar-container u-valign-top u-container-layout-7\">\n                <a href=\"https:\/\/www.netzwerkdemenz-landkreisneunkirchen.de\/?page_id=807\" class=\"u-align-center-sm u-align-left-xs u-border-2 u-border-custom-color-105 u-border-hover-custom-color-105 u-btn u-btn-round u-button-style u-custom-color-105 u-custom-item u-hover-white u-radius u-text-hover-custom-color-105 u-btn-7\">2020<\/a>\n              <\/div>\n            <\/div>\n            <div class=\"u-container-align-center-sm u-container-align-left-xs u-container-style u-list-item u-repeater-item\">\n              <div class=\"u-container-layout u-similar-container u-valign-top u-container-layout-8\">\n                <a href=\"https:\/\/www.netzwerkdemenz-landkreisneunkirchen.de\/?page_id=978\" class=\"u-align-center-sm u-align-left-xs u-border-2 u-border-custom-color-105 u-border-hover-custom-color-105 u-btn u-btn-round u-button-style u-custom-color-105 u-custom-item u-hover-white u-radius u-text-hover-custom-color-105 u-btn-8\">2019<\/a>\n              <\/div>\n            <\/div>\n          <\/div>\n        <\/div>\n      <\/div>\n    <\/section>\n    <section class=\"u-align-center u-clearfix u-container-align-center u-grey-5 u-section-4\" id=\"2024\">\n      <div class=\"u-clearfix u-sheet u-valign-middle u-sheet-1\">\n        <div class=\"u-list u-list-1\">\n          <div class=\"u-repeater u-repeater-1\">\n            <div class=\"u-align-left u-container-align-left u-container-align-left-lg u-container-align-left-xl u-container-style u-list-item u-repeater-item u-white u-list-item-1\">\n              <div class=\"u-container-layout u-similar-container u-valign-bottom-lg u-valign-bottom-xl u-valign-top-md u-valign-top-sm u-valign-top-xs u-container-layout-1\">\n                <h3 class=\"u-text u-text-1\">31. Oktober 2024 <\/h3>\n                <div class=\"u-border-3 u-border-grey-5 u-expanded-width u-line u-line-horizontal u-line-1\"><\/div>\n                <p class=\"u-text u-text-default-lg u-text-default-xl u-text-2\"> Das Team des Arbeitskreises f\u00fcr Klinische Pharmazie am Zentrum f\u00fcr Arzneimittelsicherheit der Universit\u00e4tsmedizin Leipzig f\u00fchrt derzeit eine Befragung zu Medikamentenwissen und medikamentenbezogener Belastung bei Angeh\u00f6rigen von Demenzpatienten durch.<br>\n                <\/p>\n                <a href=\"https:\/\/www.netzwerkdemenz-landkreisneunkirchen.de\/?page_id=759#2024Medikamentenwissen\" class=\"u-border-2 u-border-custom-color-105 u-border-hover-custom-color-105 u-btn u-btn-round u-button-style u-custom-color-105 u-hover-white u-radius u-text-hover-custom-color-105 u-btn-1\">Weiterlesen<\/a>\n              <\/div>\n            <\/div>\n            <div class=\"u-align-left u-container-align-left u-container-style u-list-item u-repeater-item u-white u-list-item-2\">\n              <div class=\"u-container-layout u-similar-container u-valign-bottom-lg u-valign-bottom-xl u-valign-top-md u-valign-top-sm u-valign-top-xs u-container-layout-2\">\n                <h3 class=\"u-text u-text-3\">31. Oktober 2024 <\/h3>\n                <div class=\"u-border-3 u-border-grey-5 u-expanded-width u-line u-line-horizontal u-line-2\"><\/div>\n                <p class=\"u-text u-text-default-lg u-text-default-xl u-text-4\">Das NetzwerkDemenz im Landkreis Neunkirchen hat im Jahr 2024 drei neue Kooperationspartnerinnen und -partner willkommen gehei\u00dfen.<br>\n                <\/p>\n                <a href=\"https:\/\/www.netzwerkdemenz-landkreisneunkirchen.de\/?page_id=759#2024Wachstum\" class=\"u-border-2 u-border-custom-color-105 u-border-hover-custom-color-105 u-btn u-btn-round u-button-style u-custom-color-105 u-hover-white u-radius u-text-hover-custom-color-105 u-btn-2\">Weiterlesen<\/a>\n              <\/div>\n            <\/div>\n            <div class=\"u-align-left u-container-align-left u-container-align-left-lg u-container-align-left-xl u-container-style u-list-item u-repeater-item u-white u-list-item-3\">\n              <div class=\"u-container-layout u-similar-container u-valign-bottom-lg u-valign-bottom-xl u-valign-top-md u-valign-top-sm u-valign-top-xs u-container-layout-3\">\n                <h3 class=\"u-text u-text-5\">08. Oktober 2024 <\/h3>\n                <div class=\"u-border-3 u-border-grey-5 u-expanded-width u-line u-line-horizontal u-line-3\"><\/div>\n                <p class=\"u-text u-text-default-lg u-text-default-xl u-text-6\"> Am 11. September 2024 hatte der Demenzverein zu einem Besuch auf der Alpakafarm in Mainzweiler eingeladen.<br>\n                <\/p>\n                <a href=\"https:\/\/www.netzwerkdemenz-landkreisneunkirchen.de\/?page_id=759#2024alpakas\" class=\"u-border-2 u-border-custom-color-105 u-border-hover-custom-color-105 u-btn u-btn-round u-button-style u-custom-color-105 u-hover-white u-radius u-text-hover-custom-color-105 u-btn-3\">Weiterlesen<\/a>\n              <\/div>\n            <\/div>\n            <div class=\"u-align-left u-container-align-left u-container-style u-list-item u-repeater-item u-white u-list-item-4\">\n              <div class=\"u-container-layout u-similar-container u-valign-bottom-lg u-valign-bottom-xl u-valign-top-md u-valign-top-sm u-valign-top-xs u-container-layout-4\">\n                <h3 class=\"u-text u-text-7\">07. August 2024 <\/h3>\n                <div class=\"u-border-3 u-border-grey-5 u-expanded-width u-line u-line-horizontal u-line-4\"><\/div>\n                <p class=\"u-text u-text-default-lg u-text-default-xl u-text-8\"> Wir - das NetzwerkDemenz - ver\u00f6ffentlichen ab dem 4. Quartal 2024 einen Newsletter.<br>Melden Sie sich jetzt an!\n                <\/p>\n                <a href=\"https:\/\/www.netzwerkdemenz-landkreisneunkirchen.de\/?page_id=759#2024Newsletter\" class=\"u-border-2 u-border-custom-color-105 u-border-hover-custom-color-105 u-btn u-btn-round u-button-style u-custom-color-105 u-hover-white u-radius u-text-hover-custom-color-105 u-btn-4\">Weiterlesen<\/a>\n              <\/div>\n            <\/div>\n            <div class=\"u-align-left u-container-align-left u-container-align-left-lg u-container-align-left-xl u-container-style u-list-item u-repeater-item u-white u-list-item-5\">\n              <div class=\"u-container-layout u-similar-container u-valign-bottom-lg u-valign-bottom-xl u-valign-top-md u-valign-top-sm u-valign-top-xs u-container-layout-5\">\n                <h3 class=\"u-text u-text-9\">20. M\u00e4rz 2024 <\/h3>\n                <div class=\"u-border-3 u-border-grey-5 u-expanded-width u-line u-line-horizontal u-line-5\"><\/div>\n                <p class=\"u-text u-text-default-lg u-text-default-xl u-text-10\"> Schon l\u00e4ngst kein Tabu-Thema mehr: Landrat und B\u00fcrgermeister setzen ein Zeichen zur Sensibilisierung f\u00fcr das Thema Demenz.<br>\n                <\/p>\n                <a href=\"https:\/\/www.netzwerkdemenz-landkreisneunkirchen.de\/?page_id=759#2024Vergiss\" class=\"u-border-2 u-border-custom-color-105 u-border-hover-custom-color-105 u-btn u-btn-round u-button-style u-custom-color-105 u-hover-white u-radius u-text-hover-custom-color-105 u-btn-5\">Weiterlesen<\/a>\n              <\/div>\n            <\/div>\n          <\/div>\n        <\/div>\n      <\/div>\n    <\/section>\n    <section class=\"u-align-center u-clearfix u-container-align-center u-grey-5 u-section-5\" id=\"2023\">\n      <div class=\"u-clearfix u-sheet u-valign-middle u-sheet-1\">\n        <div class=\"u-list u-list-1\">\n          <div class=\"u-repeater u-repeater-1\">\n            <div class=\"u-align-left u-container-align-left u-container-style u-list-item u-repeater-item u-white u-list-item-1\">\n              <div class=\"u-container-layout u-similar-container u-container-layout-1\">\n                <h3 class=\"u-text u-text-1\">20. November 2023 <\/h3>\n                <div class=\"u-border-3 u-border-grey-5 u-expanded-width u-line u-line-horizontal u-line-1\"><\/div>\n                <p class=\"u-text u-text-default u-text-2\"> Am 14. November fand die Veranstaltung \"Marte Meo - Gelingende Beziehungen zu Menschen mit Demenz\" statt.<br>\n                <\/p>\n                <a href=\"https:\/\/www.netzwerkdemenz-landkreisneunkirchen.de\/?page_id=779#2023MarteMeo\" class=\"u-border-2 u-border-custom-color-105 u-border-hover-custom-color-105 u-btn u-btn-round u-button-style u-custom-color-105 u-hover-white u-radius u-text-hover-custom-color-105 u-btn-1\">Weiterlesen<\/a>\n              <\/div>\n            <\/div>\n            <div class=\"u-align-left u-container-align-left u-container-style u-list-item u-repeater-item u-white u-list-item-2\">\n              <div class=\"u-container-layout u-similar-container u-container-layout-2\">\n                <h3 class=\"u-text u-text-3\">07. November 2023<\/h3>\n                <div class=\"u-border-3 u-border-grey-5 u-expanded-width u-line u-line-horizontal u-line-2\"><\/div>\n                <p class=\"u-text u-text-default u-text-4\"> Am 19.10.2023 fand in der Stummschen Reithalle das Symposium \u201eDiagnostik\/Fr\u00fcherkennung, Prophylaxe, Neues aus der Forschung\u201c statt.<br>\n                <\/p>\n                <a href=\"https:\/\/www.netzwerkdemenz-landkreisneunkirchen.de\/?page_id=779#2023AktivDemenz\" class=\"u-border-2 u-border-custom-color-105 u-border-hover-custom-color-105 u-btn u-btn-round u-button-style u-custom-color-105 u-hover-white u-radius u-text-hover-custom-color-105 u-btn-2\">Weiterlesen<\/a>\n              <\/div>\n            <\/div>\n            <div class=\"u-align-left u-container-align-left u-container-style u-list-item u-repeater-item u-white u-list-item-3\">\n              <div class=\"u-container-layout u-similar-container u-container-layout-3\">\n                <h3 class=\"u-text u-text-5\">15. M\u00e4rz 2023 <\/h3>\n                <div class=\"u-border-3 u-border-grey-5 u-expanded-width u-line u-line-horizontal u-line-3\"><\/div>\n                <p class=\"u-text u-text-default u-text-6\"> Demenzwegweiser f\u00fcr den Landkreis Neunkirchen.<br>In Deutschland leben rund 1,8 Millionen Menschen mit Demenz, im Landkreis Neunkirchen sind es nach Sch\u00e4tzungen ca. 3.200 Menschen.<br>\n                <\/p>\n                <a href=\"https:\/\/www.netzwerkdemenz-landkreisneunkirchen.de\/?page_id=779#2023Demenzwegweiser\" class=\"u-border-2 u-border-custom-color-105 u-border-hover-custom-color-105 u-btn u-btn-round u-button-style u-custom-color-105 u-hover-white u-radius u-text-hover-custom-color-105 u-btn-3\">Weiterlesen<\/a>\n              <\/div>\n            <\/div>\n          <\/div>\n        <\/div>\n      <\/div>\n    <\/section>\n    <section class=\"u-align-center u-clearfix u-container-align-center u-grey-5 u-section-6\" id=\"2022\">\n      <div class=\"u-clearfix u-sheet u-valign-middle u-sheet-1\">\n        <div class=\"u-list u-list-1\">\n          <div class=\"u-repeater u-repeater-1\">\n            <div class=\"u-align-left u-container-align-left u-container-style u-list-item u-repeater-item u-white u-list-item-1\">\n              <div class=\"u-container-layout u-similar-container u-valign-bottom-lg u-valign-bottom-xl u-valign-top-md u-valign-top-sm u-valign-top-xs u-container-layout-1\">\n                <h3 class=\"u-text u-text-1\">05. Oktober 2022 <\/h3>\n                <div class=\"u-border-3 u-border-grey-5 u-expanded-width u-line u-line-horizontal u-line-1\"><\/div>\n                <p class=\"u-text u-text-default-lg u-text-default-xl u-text-2\"> Demenzkampagne \"Verbunden bleiben\"<br>\n                <\/p>\n                <a href=\"https:\/\/www.netzwerkdemenz-landkreisneunkirchen.de\/?page_id=787#2022Verbunden\" class=\"u-border-2 u-border-custom-color-105 u-border-hover-custom-color-105 u-btn u-btn-round u-button-style u-custom-color-105 u-hover-white u-radius u-text-hover-custom-color-105 u-btn-1\">Weiterlesen<\/a>\n              <\/div>\n            <\/div>\n            <div class=\"u-align-left u-container-align-left u-container-align-left-lg u-container-align-left-xl u-container-style u-list-item u-repeater-item u-white u-list-item-2\">\n              <div class=\"u-container-layout u-similar-container u-valign-bottom-lg u-valign-bottom-xl u-valign-top-md u-valign-top-sm u-valign-top-xs u-container-layout-2\">\n                <h3 class=\"u-text u-text-3\">26. September 2022<\/h3>\n                <div class=\"u-border-3 u-border-grey-5 u-expanded-width u-line u-line-horizontal u-line-2\"><\/div>\n                <p class=\"u-text u-text-default-lg u-text-default-xl u-text-4\"> Fit im Alter \u2013 Mobil im Sozialraum (FAMoS)<br>\n                  <br>In Kooperation mit der Leitstelle \u201e\u00c4lter werden\u201c im Landkreis Neunkirchen bietet der DRK-Landesverband Saarland e.V. ein neues Projekt an. Derzeit...<br>\n                <\/p>\n                <a href=\"https:\/\/www.netzwerkdemenz-landkreisneunkirchen.de\/?page_id=787#2022Fit\" class=\"u-border-2 u-border-custom-color-105 u-border-hover-custom-color-105 u-btn u-btn-round u-button-style u-custom-color-105 u-hover-white u-radius u-text-hover-custom-color-105 u-btn-2\">Weiterlesen<\/a>\n              <\/div>\n            <\/div>\n            <div class=\"u-align-left u-container-align-left u-container-style u-list-item u-repeater-item u-white u-list-item-3\">\n              <div class=\"u-container-layout u-similar-container u-valign-bottom-lg u-valign-bottom-xl u-valign-top-md u-valign-top-sm u-valign-top-xs u-container-layout-3\">\n                <h3 class=\"u-text u-text-5\">12. September 2022 <\/h3>\n                <div class=\"u-border-3 u-border-grey-5 u-expanded-width u-line u-line-horizontal u-line-3\"><\/div>\n                <p class=\"u-text u-text-default-lg u-text-default-xl u-text-6\"> Nebenstehend k\u00f6nnen Sie den Artikel zu den Demenzcaf\u00e9s im Landkreis Neunkirchen, den die SZ-Reporterin Elke Jacobi verfasst hat, \u00f6ffnen und lesen.<br>\n                <\/p>\n                <a href=\"https:\/\/www.netzwerkdemenz-landkreisneunkirchen.de\/?page_id=787#2022MiteinanderLachen\" class=\"u-border-2 u-border-custom-color-105 u-border-hover-custom-color-105 u-btn u-btn-round u-button-style u-custom-color-105 u-hover-white u-radius u-text-hover-custom-color-105 u-btn-3\">Weiterlesen<\/a>\n              <\/div>\n            <\/div>\n            <div class=\"u-align-left u-container-align-left u-container-align-left-lg u-container-align-left-xl u-container-style u-list-item u-repeater-item u-white u-list-item-4\">\n              <div class=\"u-container-layout u-similar-container u-valign-bottom-lg u-valign-bottom-xl u-valign-top-md u-valign-top-sm u-valign-top-xs u-container-layout-4\">\n                <h3 class=\"u-text u-text-7\">16. Mai 2022 <\/h3>\n                <div class=\"u-border-3 u-border-grey-5 u-expanded-width u-line u-line-horizontal u-line-4\"><\/div>\n                <p class=\"u-text u-text-default-lg u-text-default-xl u-text-8\"> In der \u201eWoche f\u00fcr das Leben\u201c der evangelischen und katholischen Kirchen in Deutschland geht es in diesem Jahr schwerpunktm\u00e4\u00dfig um die Situation von Menschen mit Demenz.<br>\n                <\/p>\n                <a href=\"https:\/\/www.netzwerkdemenz-landkreisneunkirchen.de\/?page_id=787#2022Seniorenhilfe\" class=\"u-border-2 u-border-custom-color-105 u-border-hover-custom-color-105 u-btn u-btn-round u-button-style u-custom-color-105 u-hover-white u-radius u-text-hover-custom-color-105 u-btn-4\">Weiterlesen<\/a>\n              <\/div>\n            <\/div>\n            <div class=\"u-align-left u-container-align-left u-container-style u-list-item u-repeater-item u-white u-list-item-5\">\n              <div class=\"u-container-layout u-similar-container u-valign-bottom-lg u-valign-bottom-xl u-valign-top-md u-valign-top-sm u-valign-top-xs u-container-layout-5\">\n                <h3 class=\"u-text u-text-9\">06. April 2022 <\/h3>\n                <div class=\"u-border-3 u-border-grey-5 u-expanded-width u-line u-line-horizontal u-line-5\"><\/div>\n                <p class=\"u-text u-text-default-lg u-text-default-xl u-text-10\"> Neunkirchen bei \u201eVergi\u00df-Mein-Nicht\u201c dabei.<br>Auch in diesem Jahr haben sich unter dem Motto \"Demenz geht uns alle an\" auf Landesebene fast alle Kommunen in Kooperation mit der Landesfachstelle...<br>\n                <\/p>\n                <a href=\"https:\/\/www.netzwerkdemenz-landkreisneunkirchen.de\/?page_id=787#2022AktivDemenz\" class=\"u-border-2 u-border-custom-color-105 u-border-hover-custom-color-105 u-btn u-btn-round u-button-style u-custom-color-105 u-hover-white u-radius u-text-hover-custom-color-105 u-btn-5\">Weiterlesen<\/a>\n              <\/div>\n            <\/div>\n          <\/div>\n        <\/div>\n      <\/div>\n    <\/section>\n    <section class=\"u-align-center u-clearfix u-container-align-center u-grey-5 u-section-7\" id=\"2021\">\n      <div class=\"u-clearfix u-sheet u-valign-middle u-sheet-1\">\n        <div class=\"u-list u-list-1\">\n          <div class=\"u-repeater u-repeater-1\">\n            <div class=\"u-align-left u-container-align-left u-container-style u-list-item u-repeater-item u-white u-list-item-1\">\n              <div class=\"u-container-layout u-similar-container u-container-layout-1\">\n                <h3 class=\"u-text u-text-1\">06. Dezember 2021 <\/h3>\n                <div class=\"u-border-3 u-border-grey-5 u-expanded-width u-line u-line-horizontal u-line-1\"><\/div>\n                <p class=\"u-text u-text-2\">Presseartikel \"Saarbr\u00fccker Zeitung, vom Montag, 06.12.2021\" <br>Wenn ein Mensch verloren geht<br>\n                <\/p>\n                <a href=\"https:\/\/www.netzwerkdemenz-landkreisneunkirchen.de\/?page_id=797#2021Verloren\" class=\"u-border-2 u-border-custom-color-105 u-border-hover-custom-color-105 u-btn u-btn-round u-button-style u-custom-color-105 u-hover-white u-radius u-text-hover-custom-color-105 u-btn-1\">Weiterlesen<\/a>\n              <\/div>\n            <\/div>\n            <div class=\"u-align-left u-container-align-left u-container-style u-list-item u-repeater-item u-white u-list-item-2\">\n              <div class=\"u-container-layout u-similar-container u-container-layout-2\">\n                <h3 class=\"u-text u-text-3\">06. Oktober 2021<\/h3>\n                <div class=\"u-border-3 u-border-grey-5 u-expanded-width u-line u-line-horizontal u-line-2\"><\/div>\n                <p class=\"u-text u-text-4\"> Pressemittteilung des Demenzvereins im Landkreis Neunkirchen e.V. vom 06.10.2021<br>Demenzkampagne&nbsp;des Landes 2021 \u201eDemenz doch ned so\u201c<br>\n                <\/p>\n                <a href=\"https:\/\/www.netzwerkdemenz-landkreisneunkirchen.de\/?page_id=797#2021Demenzkampagne\" class=\"u-border-2 u-border-custom-color-105 u-border-hover-custom-color-105 u-btn u-btn-round u-button-style u-custom-color-105 u-hover-white u-radius u-text-hover-custom-color-105 u-btn-2\">Weiterlesen<\/a>\n              <\/div>\n            <\/div>\n            <div class=\"u-align-left u-container-align-left u-container-style u-list-item u-repeater-item u-white u-list-item-3\">\n              <div class=\"u-container-layout u-similar-container u-container-layout-3\">\n                <h3 class=\"u-text u-text-5\">17. Juni 2021 <\/h3>\n                <div class=\"u-border-3 u-border-grey-5 u-expanded-width u-line u-line-horizontal u-line-3\"><\/div>\n                <p class=\"u-text u-text-6\"> Leitfaden f\u00fcr (pflegende) Angeh\u00f6rige<br>Biographische Informationen zum Umgang mit an Demenz erkrankten Menschen.<br>Jetzt in 5. Auflage verf\u00fcgbar<br>\n                <\/p>\n                <a href=\"https:\/\/www.netzwerkdemenz-landkreisneunkirchen.de\/?page_id=797#2021Leitfaden\" class=\"u-border-2 u-border-custom-color-105 u-border-hover-custom-color-105 u-btn u-btn-round u-button-style u-custom-color-105 u-hover-white u-radius u-text-hover-custom-color-105 u-btn-3\">Weiterlesen<\/a>\n              <\/div>\n            <\/div>\n            <div class=\"u-align-left u-container-align-left u-container-style u-list-item u-repeater-item u-white u-list-item-4\">\n              <div class=\"u-container-layout u-similar-container u-container-layout-4\">\n                <h3 class=\"u-text u-text-7\">03. M\u00e4rz 2021 <\/h3>\n                <div class=\"u-border-3 u-border-grey-5 u-expanded-width u-line u-line-horizontal u-line-4\"><\/div>\n                <p class=\"u-text u-text-8\">Eckpunkte der Pflegereform 2021<br>\n                  <br>vom 04.11.2020 \n                <\/p>\n                <a href=\"https:\/\/www.netzwerkdemenz-landkreisneunkirchen.de\/?page_id=797#2021Reform\" class=\"u-border-2 u-border-custom-color-105 u-border-hover-custom-color-105 u-btn u-btn-round u-button-style u-custom-color-105 u-hover-white u-radius u-text-hover-custom-color-105 u-btn-4\">Weiterlesen<\/a>\n              <\/div>\n            <\/div>\n          <\/div>\n        <\/div>\n      <\/div>\n    <\/section>\n    <section class=\"u-align-center u-clearfix u-container-align-center u-container-align-center-lg u-container-align-center-xl u-grey-5 u-section-8\" id=\"2020\">\n      <div class=\"u-clearfix u-sheet u-valign-middle-lg u-valign-middle-xl u-sheet-1\">\n        <div class=\"u-expanded-width-md u-expanded-width-sm u-expanded-width-xs u-list u-list-1\">\n          <div class=\"u-repeater u-repeater-1\">\n            <div class=\"u-align-left u-container-align-left u-container-style u-list-item u-repeater-item u-white u-list-item-1\">\n              <div class=\"u-container-layout u-similar-container u-valign-bottom u-container-layout-1\">\n                <h3 class=\"u-text u-text-1\">24. September 2020<\/h3>\n                <div class=\"u-border-3 u-border-grey-5 u-expanded-width u-line u-line-horizontal u-line-1\"><\/div>\n                <p class=\"u-text u-text-2\"> Presseinformation<br>Die Landesfachstelle Demenz Saarla\u200bnd stellt sich vor<br>\n                <\/p>\n                <a href=\"https:\/\/www.netzwerkdemenz-landkreisneunkirchen.de\/?page_id=807#2020Landesfachstelle\" class=\"u-border-2 u-border-custom-color-105 u-border-hover-custom-color-105 u-btn u-btn-round u-button-style u-custom-color-105 u-hover-white u-radius u-text-hover-custom-color-105 u-btn-1\">Weiterlesen<\/a>\n              <\/div>\n            <\/div>\n            <div class=\"u-align-left u-container-align-left u-container-style u-list-item u-repeater-item u-white u-list-item-2\">\n              <div class=\"u-container-layout u-similar-container u-valign-bottom u-container-layout-2\">\n                <h3 class=\"u-text u-text-3\">21. September 2020<\/h3>\n                <div class=\"u-border-3 u-border-grey-5 u-expanded-width u-line u-line-horizontal u-line-2\"><\/div>\n                <p class=\"u-text u-text-4\"> Presseinformation&nbsp;<br>Welt-Alzheimertag\n                <\/p>\n                <a href=\"https:\/\/www.netzwerkdemenz-landkreisneunkirchen.de\/?page_id=807#2020Welttag\" class=\"u-border-2 u-border-custom-color-105 u-border-hover-custom-color-105 u-btn u-btn-round u-button-style u-custom-color-105 u-hover-white u-radius u-text-hover-custom-color-105 u-btn-2\">Weiterlesen<\/a>\n              <\/div>\n            <\/div>\n            <div class=\"u-align-left u-container-align-left u-container-style u-list-item u-repeater-item u-white u-list-item-3\">\n              <div class=\"u-container-layout u-similar-container u-valign-bottom u-container-layout-3\">\n                <h3 class=\"u-text u-text-5\">04. September 2020<\/h3>\n                <div class=\"u-border-3 u-border-grey-5 u-expanded-width u-line u-line-horizontal u-line-3\"><\/div>\n                <p class=\"u-text u-text-6\">Neue einzigartige Selbsthilfegruppe <br>Erfahrungsaustausch f\u00fcr pflegende Angeh\u00f6rige von Menschen mit Frontotemporaler Demenz.<br>\n                <\/p>\n                <a href=\"https:\/\/www.netzwerkdemenz-landkreisneunkirchen.de\/?page_id=807#2020Erfahrungsaustausch\" class=\"u-border-2 u-border-custom-color-105 u-border-hover-custom-color-105 u-btn u-btn-round u-button-style u-custom-color-105 u-hover-white u-radius u-text-hover-custom-color-105 u-btn-3\">Weiterlesen<\/a>\n              <\/div>\n            <\/div>\n            <div class=\"u-align-left u-container-align-left u-container-style u-list-item u-repeater-item u-white u-list-item-4\">\n              <div class=\"u-container-layout u-similar-container u-valign-bottom u-container-layout-4\">\n                <h3 class=\"u-text u-text-7\">01. Mai 2020<\/h3>\n                <div class=\"u-border-3 u-border-grey-5 u-expanded-width u-line u-line-horizontal u-line-4\"><\/div>\n                <p class=\"u-text u-text-8\"> Presseartikel Saarbr\u00fccker Zeitung, vom Freitag den 01. Mai 2020<br>\"Die Mama sieht nur eine Maske mit Augen\"\n                <\/p>\n                <a href=\"https:\/\/www.netzwerkdemenz-landkreisneunkirchen.de\/?page_id=807#2020Maske\" class=\"u-border-2 u-border-custom-color-105 u-border-hover-custom-color-105 u-btn u-btn-round u-button-style u-custom-color-105 u-hover-white u-radius u-text-hover-custom-color-105 u-btn-4\">Weiterlesen<\/a>\n              <\/div>\n            <\/div>\n            <div class=\"u-align-left u-container-align-left u-container-style u-list-item u-repeater-item u-white u-list-item-5\">\n              <div class=\"u-container-layout u-similar-container u-valign-bottom u-container-layout-5\">\n                <h3 class=\"u-text u-text-9\">20. April 2020<\/h3>\n                <div class=\"u-border-3 u-border-grey-5 u-expanded-width u-line u-line-horizontal u-line-5\"><\/div>\n                <p class=\"u-text u-text-10\"> Presseartikel \"Saarbr\u00fccker Zeitung, vom Montag den 20. April 2020\"<br>Neunkirchen bei \u201eVergi\u00df-Mein-Nicht\u201c dabei\n                <\/p>\n                <a href=\"https:\/\/www.netzwerkdemenz-landkreisneunkirchen.de\/?page_id=807#2020Vergiss\" class=\"u-border-2 u-border-custom-color-105 u-border-hover-custom-color-105 u-btn u-btn-round u-button-style u-custom-color-105 u-hover-white u-radius u-text-hover-custom-color-105 u-btn-5\">Weiterlesen<\/a>\n              <\/div>\n            <\/div>\n            <div class=\"u-align-left u-container-align-left u-container-style u-list-item u-repeater-item u-white u-list-item-6\">\n              <div class=\"u-container-layout u-similar-container u-valign-bottom u-container-layout-6\">\n                <h3 class=\"u-text u-text-11\">21. Februar 2020 <\/h3>\n                <div class=\"u-border-3 u-border-grey-5 u-expanded-width u-line u-line-horizontal u-line-6\"><\/div>\n                <p class=\"u-text u-text-12\"> Presseartikel \"Saarbr\u00fccker Zeitung, vom Donnerstag den 20. Februar 2020\"<br>Ausstellung \"Alzheimer und Kunst\" in der Marienhausklinik Ottweiler\n                <\/p>\n                <a href=\"https:\/\/www.netzwerkdemenz-landkreisneunkirchen.de\/?page_id=807#2020Ausstellung\" class=\"u-border-2 u-border-custom-color-105 u-border-hover-custom-color-105 u-btn u-btn-round u-button-style u-custom-color-105 u-hover-white u-radius u-text-hover-custom-color-105 u-btn-6\">Weiterlesen<\/a>\n              <\/div>\n            <\/div>\n            <div class=\"u-align-left u-container-align-left u-container-style u-list-item u-repeater-item u-white u-list-item-7\">\n              <div class=\"u-container-layout u-similar-container u-valign-bottom u-container-layout-7\">\n                <h3 class=\"u-text u-text-13\">31. Januar 2020 <\/h3>\n                <div class=\"u-border-3 u-border-grey-5 u-expanded-width u-line u-line-horizontal u-line-7\"><\/div>\n                <p class=\"u-text u-text-14\"> Schulung Demenzpaten<br>20 Mitarbeiter geschult<br>\n                <\/p>\n                <a href=\"https:\/\/www.netzwerkdemenz-landkreisneunkirchen.de\/?page_id=807#31Jan2020\" class=\"u-border-2 u-border-custom-color-105 u-border-hover-custom-color-105 u-btn u-btn-round u-button-style u-custom-color-105 u-hover-white u-radius u-text-hover-custom-color-105 u-btn-7\">Weiterlesen<\/a>\n              <\/div>\n            <\/div>\n            <div class=\"u-align-left u-container-align-left u-container-style u-list-item u-repeater-item u-white u-list-item-8\">\n              <div class=\"u-container-layout u-similar-container u-valign-bottom u-container-layout-8\">\n                <h3 class=\"u-text u-text-15\">22. Januar 2020<\/h3>\n                <div class=\"u-border-3 u-border-grey-5 u-expanded-width u-line u-line-horizontal u-line-8\"><\/div>\n                <p class=\"u-text u-text-16\"> Befragung zu Medikamentenwissen und medikamentenbezogener Belastung bei Angeh\u00f6rigen von Demenzpatienten.&nbsp;Das Team des Arbeitskreises f\u00fcr Klinische Pharmazie am Zentrum f\u00fcr Arzneimittelsicherheit der Universit\u00e4tsmedizin Leipzig f\u00fchrt derzeit eine...<br>\n                <\/p>\n                <a href=\"https:\/\/www.netzwerkdemenz-landkreisneunkirchen.de\/?page_id=807#22Jan2020\" class=\"u-border-2 u-border-custom-color-105 u-border-hover-custom-color-105 u-btn u-btn-round u-button-style u-custom-color-105 u-hover-white u-radius u-text-hover-custom-color-105 u-btn-8\">Weiterlesen<\/a>\n              <\/div>\n            <\/div>\n            <div class=\"u-align-left u-container-align-left u-container-style u-list-item u-repeater-item u-white u-list-item-9\">\n              <div class=\"u-container-layout u-similar-container u-valign-bottom u-container-layout-9\">\n                <h3 class=\"u-text u-text-17\"> 20. Januar 2020<\/h3>\n                <div class=\"u-border-3 u-border-grey-5 u-expanded-width u-line u-line-horizontal u-line-9\"><\/div>\n                <p class=\"u-text u-text-18\"> Neue unterst\u00fctzte Selbsthilfegruppe f\u00fcr Menschen mit beginnender Demenz<br>Ab 2020 neue Selbsthilfegruppe Demenz!<br>\n                <\/p>\n                <a href=\"https:\/\/www.netzwerkdemenz-landkreisneunkirchen.de\/?page_id=807#20Jan2020\" class=\"u-border-2 u-border-custom-color-105 u-border-hover-custom-color-105 u-btn u-btn-round u-button-style u-custom-color-105 u-hover-white u-radius u-text-hover-custom-color-105 u-btn-9\">Weiterlesen<\/a>\n              <\/div>\n            <\/div>\n          <\/div>\n        <\/div>\n      <\/div>\n    <\/section>\n    <section class=\"u-align-center u-clearfix u-container-align-center u-grey-5 u-section-9\" id=\"2019\">\n      <div class=\"u-clearfix u-sheet u-valign-middle u-sheet-1\">\n        <div class=\"u-list u-list-1\">\n          <div class=\"u-repeater u-repeater-1\">\n            <div class=\"u-align-left u-container-align-left u-container-style u-list-item u-repeater-item u-white u-list-item-1\">\n              <div class=\"u-container-layout u-similar-container u-valign-bottom u-container-layout-1\">\n                <h3 class=\"u-text u-text-1\"> 13. November 2019<\/h3>\n                <div class=\"u-border-3 u-border-grey-5 u-expanded-width u-line u-line-horizontal u-line-1\"><\/div>\n                <p class=\"u-text u-text-body-color u-text-2\"> Basisqualifikation 2020 f\u00fcr ehrenamtliche Demenzhelfer<br>Alle Ausbildungsdetails sind&nbsp;<a href=\"https:\/\/www.netzwerkdemenz-landkreisneunkirchen.de\/aktuell\/veranstaltungen\/detail\/basisqualifikation-2020-fuer-ehrenamtliche-demenzhelfer-im-landkreis-neunkirchen\/\" title=\"\" target=\"_top\" class=\"external-link u-border-none u-btn u-button-link u-button-style u-hover-none u-none u-text-hover-palette-4-base u-text-palette-1-base u-btn-1\">online<\/a>.<br>Jetzt anmelden!!!&nbsp;(Anmeldeschluss 04.03.2020)<br>\n                <\/p>\n                <a href=\"https:\/\/www.netzwerkdemenz-landkreisneunkirchen.de\/?page_id=978#2020Landesfachstelle\" class=\"u-border-2 u-border-custom-color-105 u-border-hover-custom-color-105 u-btn u-btn-round u-button-style u-custom-color-105 u-hover-white u-radius u-text-hover-custom-color-105 u-btn-2\">Weiterlesen<\/a>\n              <\/div>\n            <\/div>\n            <div class=\"u-align-left u-container-align-left u-container-style u-list-item u-repeater-item u-white u-list-item-2\">\n              <div class=\"u-container-layout u-similar-container u-valign-bottom u-container-layout-2\">\n                <h3 class=\"u-text u-text-3\"> 24. September 2019<\/h3>\n                <div class=\"u-border-3 u-border-grey-5 u-expanded-width u-line u-line-horizontal u-line-2\"><\/div>\n                <p class=\"u-text u-text-body-color u-text-4\"> Demenzverein im Landkreis Neunkirchen erh\u00e4lt Ehrung<br>Ministerin Monika Bachmann ehrt Netzwerker\n                <\/p>\n                <a href=\"https:\/\/www.netzwerkdemenz-landkreisneunkirchen.de\/?page_id=978#2020Welttag\" class=\"u-border-2 u-border-custom-color-105 u-border-hover-custom-color-105 u-btn u-btn-round u-button-style u-custom-color-105 u-hover-white u-radius u-text-hover-custom-color-105 u-btn-3\">Weiterlesen<\/a>\n              <\/div>\n            <\/div>\n            <div class=\"u-align-left u-container-align-left u-container-style u-list-item u-repeater-item u-white u-list-item-3\">\n              <div class=\"u-container-layout u-similar-container u-valign-bottom u-container-layout-3\">\n                <h3 class=\"u-text u-text-5\"> 20. September 2019<\/h3>\n                <div class=\"u-border-3 u-border-grey-5 u-expanded-width u-line u-line-horizontal u-line-3\"><\/div>\n                <p class=\"u-text u-text-body-color u-text-6\"> Demenz Kompakt<br>Demenz Kompakt im Rahmen des Infotag f\u00fcr \u00c4ltere und Menschen mit Behinderungen am 20.09.19 in der Neuen Gebl\u00e4sehalle Neunkirchen<br>\n                <\/p>\n                <a href=\"https:\/\/www.netzwerkdemenz-landkreisneunkirchen.de\/?page_id=978#2020Erfahrungsaustausch\" class=\"u-border-2 u-border-custom-color-105 u-border-hover-custom-color-105 u-btn u-btn-round u-button-style u-custom-color-105 u-hover-white u-radius u-text-hover-custom-color-105 u-btn-4\">Weiterlesen<\/a>\n              <\/div>\n            <\/div>\n            <div class=\"u-align-left u-container-align-left u-container-style u-list-item u-repeater-item u-white u-list-item-4\">\n              <div class=\"u-container-layout u-similar-container u-valign-bottom u-container-layout-4\">\n                <h3 class=\"u-text u-text-7\"> 17. Juni 2019<\/h3>\n                <div class=\"u-border-3 u-border-grey-5 u-expanded-width u-line u-line-horizontal u-line-4\"><\/div>\n                <p class=\"u-text u-text-body-color u-text-8\"> Plattform f\u00fcr Beratungsangebote rund um das Thema Demenz<br>Neues Angebot des Demenzvereins\n                <\/p>\n                <a href=\"https:\/\/www.netzwerkdemenz-landkreisneunkirchen.de\/?page_id=978#2020Maske\" class=\"u-border-2 u-border-custom-color-105 u-border-hover-custom-color-105 u-btn u-btn-round u-button-style u-custom-color-105 u-hover-white u-radius u-text-hover-custom-color-105 u-btn-5\">Weiterlesen<\/a>\n              <\/div>\n            <\/div>\n            <div class=\"u-align-left u-container-align-left u-container-style u-list-item u-repeater-item u-white u-list-item-5\">\n              <div class=\"u-container-layout u-similar-container u-valign-bottom u-container-layout-5\">\n                <h3 class=\"u-text u-text-9\">11. M\u00e4rz 2019<\/h3>\n                <div class=\"u-border-3 u-border-grey-5 u-expanded-width u-line u-line-horizontal u-line-5\"><\/div>\n                <p class=\"u-text u-text-body-color u-text-10\"> Landrat pflanzt \u201eVergiss-Mein-Nicht\u201c<br>Sensibilisierung f\u00fcr Demenzerkrankungen\n                <\/p>\n                <a href=\"https:\/\/www.netzwerkdemenz-landkreisneunkirchen.de\/?page_id=978#2020Vergiss\" class=\"u-border-2 u-border-custom-color-105 u-border-hover-custom-color-105 u-btn u-btn-round u-button-style u-custom-color-105 u-hover-white u-radius u-text-hover-custom-color-105 u-btn-6\">Weiterlesen<\/a>\n              <\/div>\n            <\/div>\n            <div class=\"u-align-left u-container-align-left u-container-style u-list-item u-repeater-item u-white u-list-item-6\">\n              <div class=\"u-container-layout u-similar-container u-valign-bottom u-container-layout-6\">\n                <h3 class=\"u-text u-text-11\"> 20. Februar 2019<\/h3>\n                <div class=\"u-border-3 u-border-grey-5 u-expanded-width u-line u-line-horizontal u-line-6\"><\/div>\n                <p class=\"u-text u-text-body-color u-text-12\"> Crash-Kurs \"Demenz verstehen\"<br>Crash-Kurs zum Thema Demenz verstehen\n                <\/p>\n                <a href=\"https:\/\/www.netzwerkdemenz-landkreisneunkirchen.de\/?page_id=978#2020Ausstellung\" class=\"u-border-2 u-border-custom-color-105 u-border-hover-custom-color-105 u-btn u-btn-round u-button-style u-custom-color-105 u-hover-white u-radius u-text-hover-custom-color-105 u-btn-7\">Weiterlesen<\/a>\n              <\/div>\n            <\/div>\n            <div class=\"u-align-left u-container-align-left u-container-style u-list-item u-repeater-item u-white u-list-item-7\">\n              <div class=\"u-container-layout u-similar-container u-valign-bottom u-container-layout-7\">\n                <h3 class=\"u-text u-text-13\"> 01. Januar 2019<\/h3>\n                <div class=\"u-border-3 u-border-grey-5 u-expanded-width u-line u-line-horizontal u-line-7\"><\/div>\n                <p class=\"u-text u-text-body-color u-text-14\"> Neue Demenz Kurse f\u00fcr 2019<br>Termine f\u00fcr 2019 online\n                <\/p>\n                <a href=\"https:\/\/www.netzwerkdemenz-landkreisneunkirchen.de\/?page_id=978#sec-7cf5\" class=\"u-border-2 u-border-custom-color-105 u-border-hover-custom-color-105 u-btn u-btn-round u-button-style u-custom-color-105 u-hover-white u-radius u-text-hover-custom-color-105 u-btn-8\">Weiterlesen<\/a>\n              <\/div>\n            <\/div>\n            <div class=\"u-align-left u-container-align-left u-container-style u-list-item u-repeater-item u-white u-list-item-8\">\n              <div class=\"u-container-layout u-similar-container u-valign-bottom u-container-layout-8\">\n                <h3 class=\"u-text u-text-15\"> 01. Januar 2019<\/h3>\n                <div class=\"u-border-3 u-border-grey-5 u-expanded-width u-line u-line-horizontal u-line-8\"><\/div>\n                <p class=\"u-text u-text-body-color u-text-16\"> Neue Pflegekurse f\u00fcr 2019<br>Termine f\u00fcr 2019 online\n                <\/p>\n                <a href=\"https:\/\/www.netzwerkdemenz-landkreisneunkirchen.de\/?page_id=978#sec-773f\" class=\"u-border-2 u-border-custom-color-105 u-border-hover-custom-color-105 u-btn u-btn-round u-button-style u-custom-color-105 u-hover-white u-radius u-text-hover-custom-color-105 u-btn-9\">Weiterlesen<\/a>\n              <\/div>\n            <\/div>\n            <div class=\"u-align-left u-container-align-left u-container-style u-list-item u-repeater-item u-white u-list-item-9\">\n              <div class=\"u-container-layout u-similar-container u-valign-bottom u-container-layout-9\">\n                <h3 class=\"u-text u-text-17\"> 20. November 2018<\/h3>\n                <div class=\"u-border-3 u-border-grey-5 u-expanded-width u-line u-line-horizontal u-line-9\"><\/div>\n                <p class=\"u-text u-text-body-color u-text-18\"> Workshop f\u00fcr das Netzwerk<br>Die Netzwerkpartner finden zusammen\n                <\/p>\n                <a href=\"https:\/\/www.netzwerkdemenz-landkreisneunkirchen.de\/?page_id=978#sec-afdb\" class=\"u-border-2 u-border-custom-color-105 u-border-hover-custom-color-105 u-btn u-btn-round u-button-style u-custom-color-105 u-hover-white u-radius u-text-hover-custom-color-105 u-btn-10\">Weiterlesen<\/a>\n              <\/div>\n            <\/div>\n          <\/div>\n        <\/div>\n      <\/div>\n    <\/section>\n    \n    \n    \n    \n  \n","protected":false},"excerpt":{"rendered":"<p>Netzwerk Demenz\/&nbsp;Aktuell\/ Archiv Archiv 2026 2025 2024 2023 2022 2021 2020 2019 31. Oktober 2024 Das Team des Arbeitskreises f\u00fcr Klinische Pharmazie am Zentrum f\u00fcr Arzneimittelsicherheit der Universit\u00e4tsmedizin Leipzig f\u00fchrt &hellip; <a href=\"https:\/\/www.netzwerkdemenz-landkreisneunkirchen.de\/?page_id=78\" class=\"more-link\">Continue reading<span class=\"screen-reader-text\"> &#8222;Archiv&#8220;<\/span><\/a><\/p>\n","protected":false},"author":1,"featured_media":0,"parent":0,"menu_order":18,"comment_status":"closed","ping_status":"closed","template":"","meta":{"footnotes":""},"class_list":["post-78","page","type-page","status-publish","hentry"],"_links":{"self":[{"href":"https:\/\/www.netzwerkdemenz-landkreisneunkirchen.de\/index.php?rest_route=\/wp\/v2\/pages\/78","targetHints":{"allow":["GET"]}}],"collection":[{"href":"https:\/\/www.netzwerkdemenz-landkreisneunkirchen.de\/index.php?rest_route=\/wp\/v2\/pages"}],"about":[{"href":"https:\/\/www.netzwerkdemenz-landkreisneunkirchen.de\/index.php?rest_route=\/wp\/v2\/types\/page"}],"author":[{"embeddable":true,"href":"https:\/\/www.netzwerkdemenz-landkreisneunkirchen.de\/index.php?rest_route=\/wp\/v2\/users\/1"}],"replies":[{"embeddable":true,"href":"https:\/\/www.netzwerkdemenz-landkreisneunkirchen.de\/index.php?rest_route=%2Fwp%2Fv2%2Fcomments&post=78"}],"version-history":[{"count":22,"href":"https:\/\/www.netzwerkdemenz-landkreisneunkirchen.de\/index.php?rest_route=\/wp\/v2\/pages\/78\/revisions"}],"predecessor-version":[{"id":3302,"href":"https:\/\/www.netzwerkdemenz-landkreisneunkirchen.de\/index.php?rest_route=\/wp\/v2\/pages\/78\/revisions\/3302"}],"wp:attachment":[{"href":"https:\/\/www.netzwerkdemenz-landkreisneunkirchen.de\/index.php?rest_route=%2Fwp%2Fv2%2Fmedia&parent=78"}],"curies":[{"name":"wp","href":"https:\/\/api.w.org\/{rel}","templated":true}]}}