{"id":807,"date":"2025-02-14T14:17:46","date_gmt":"2025-02-14T14:17:46","guid":{"rendered":"https:\/\/www.netzwerkdemenz-landkreisneunkirchen.de\/?page_id=807"},"modified":"2025-05-12T12:18:07","modified_gmt":"2025-05-12T12:18:07","slug":"2020-meldungen","status":"publish","type":"page","link":"https:\/\/www.netzwerkdemenz-landkreisneunkirchen.de\/?page_id=807","title":{"rendered":"2020 Meldungen"},"content":{"rendered":"\n    \n    <section class=\"u-clearfix u-custom-color-121 u-section-2\" id=\"sec-b72c\">\n      <div class=\"u-clearfix u-sheet u-valign-middle u-sheet-1\">\n        <h2 class=\"u-align-left u-text u-text-1\"> Unsere Nachrichten aus dem Jahr 2020<\/h2>\n      <\/div>\n    <\/section>\n    <section class=\"u-align-left u-clearfix u-section-3\" id=\"2020Landesfachstelle\">\n      <div class=\"u-clearfix u-sheet u-sheet-1\">\n        <img decoding=\"async\" class=\"u-border-2 u-border-custom-color-118 u-image u-image-round u-radius u-image-1\" src=\"https:\/\/www.netzwerkdemenz-landkreisneunkirchen.de\/wp-content\/uploads\/2025\/02\/Presseinformation_Vorstellungd_LfD-1.webp\" alt=\"\" data-image-width=\"601\" data-image-height=\"850\">\n        <h2 class=\"u-align-left u-text u-text-1\">24. September 2020<br> Die Landesfachstelle Demenz Saarland stellt sich vor\n        <\/h2>\n        <p class=\"u-align-left u-text u-text-2\"> Presseinformation<br>\u201eDas Saarland verf\u00fcgt \u00fcber eine ausgezeichnete Infrastruktur im Bereich der Versorgung von Menschen mit Demenz, nicht zuletzt durch das Bestehen der Landesfachstelle Demenz. Sie leistet mit ihren Aktivit\u00e4ten einen wichtigen Beitrag und tr\u00e4gt zur Nachhaltigkeit der Strukturen bei.<br>Jedoch d\u00fcrfen wir uns nicht auf dem Erreichten ausruhen. Durch die Corona-Pandemie musste nach neuen Wegen der Versorgung gesucht werden. Mit dem neuen Demenzplan wird dies weiter vorangetrieben\u201c, so die Landes\u00e4rztin f\u00fcr Menschen mit Demenz, Frau Dr. R.A. Fehrenbach.<br>\n          <br>Die Landesfachstelle Demenz Saarland war in den Jahren 2012 bis 2017 ein Modellprojekt, das durch das saarl\u00e4ndische Sozialministerium und die soziale und private Pflegeversicherung finanziert wurde. Seit 2018 erh\u00e4lt die Landesfachstelle Demenz auf Grundlage eines Beschlusses des saarl\u00e4ndischen Landtages eine F\u00f6rderung durch das saarl\u00e4ndische Sozialministerium, mit dem in enger Absprache die Aktivit\u00e4ten geplant und gef\u00fchrt werden.<br>\n        <\/p>\n        <p class=\"u-align-center u-text u-text-grey-30 u-text-3\">\n          <a class=\"u-border-none u-btn u-button-link u-button-style u-file-link u-hover-none u-none u-text-custom-color-118 u-text-hover-palette-4-base u-btn-1\" href=\"https:\/\/www.netzwerkdemenz-landkreisneunkirchen.de\/fileadmin\/user_upload\/demenz_nk\/News\/SZ_-_24.10.2023.PDF\" target=\"_blank\">Presseinformation Vorstellung LfD<\/a>\n        <\/p>\n      <\/div>\n    <\/section>\n    <section class=\"u-clearfix u-section-4\" id=\"sec-b197\">\n      <div class=\"u-clearfix u-sheet u-sheet-1\">\n        <p class=\"u-align-left u-text u-text-1\">Zu den einzelnen Aufgaben der Landesfachstelle Demenz Saarland geh\u00f6ren:<\/p>\n        <ul class=\"u-align-left u-text u-text-2\">\n          <li> die Beratung von Institutionen;<\/li>\n          <li> die Vernetzung sowohl auf landesweiter als auch regionaler Ebene mit der Koordinierung des Landes\u200bnetzwerks und der Begleitung der regionalen Netzwerke in ihren Aktivit\u00e4ten;<\/li>\n          <li> Koordinierung der Ma\u00dfnahmen des 1. Saarl\u00e4ndischen Demenzplans, die teilweise zu Daueraufgaben wurden, und des Demenzplans 2.0., der in K\u00fcrze ver\u00f6ffentlicht wird;<\/li>\n          <li>die Beteiligung an Projekten, wie z.B.: Demenz im Krankenhaus oder Demenz und geistige Behinderung;<\/li>\n          <li>\u00d6ffentlichkeitsarbeit mit der Ver\u00f6ffentlichung von Publikationen, Vortr\u00e4gen und Schulungen, Presse.<\/li>\n        <\/ul>\n      <\/div>\n    <\/section>\n    <section class=\"u-clearfix u-section-5\" id=\"sec-5553\">\n      <div class=\"u-clearfix u-sheet u-valign-middle-lg u-valign-middle-md u-valign-middle-xs u-sheet-1\">\n        <p class=\"u-align-left u-text u-text-1\"> N\u00e4here Informationen zum Thema Demenz, kostenlose Informationsmaterialien, Adressen vor Ort und Ausk\u00fcnfte sind bei der Landesfachstelle Demenz Saarland erh\u00e4ltlich unter<br>\n          <br>Landesfachstelle Demenz Saarland<br>Ludwigstra\u00dfe 5<br>66740 Saarlouis<br>\n          <br>Tel.: <a href=\"tel:06831488180\" class=\"u-border-none u-btn u-button-link u-button-style u-hover-none u-none u-text-custom-color-118 u-text-hover-palette-4-base u-btn-1\">06831\/ 4 88 18 0<\/a>\n          <br>\n          <a href=\"mailto:landesfachstelle@demenz-saarland.de\" class=\"u-border-none u-btn u-button-link u-button-style u-hover-none u-none u-text-custom-color-118 u-text-hover-palette-4-base u-btn-2\">landesfachstelle@demenz-saarland.de<\/a>\n          <br>\n          <a href=\"http:\/\/www.demenz-saarland.de\" class=\"u-border-none u-btn u-button-link u-button-style u-hover-none u-none u-text-custom-color-118 u-text-hover-palette-4-base u-btn-3\" target=\"_blank\">www.demenz-saarland.de<\/a>\n        <\/p>\n        <a href=\"https:\/\/www.netzwerkdemenz-landkreisneunkirchen.de\/?page_id=78\" class=\"u-border-none u-btn u-btn-round u-button-style u-custom-color-105 u-radius u-btn-4\">Z<span style=\"font-weight: 700;\"><\/span>ur\u00fcck\n        <\/a>\n      <\/div>\n    <\/section>\n    <section class=\"u-align-left u-clearfix u-custom-color-115 u-lightbox u-section-6\" id=\"2020Welttag\">\n      <div class=\"u-clearfix u-sheet u-sheet-1\">\n        <img decoding=\"async\" class=\"u-border-2 u-border-custom-color-118 u-image u-image-contain u-image-round u-radius u-image-1\" src=\"https:\/\/www.netzwerkdemenz-landkreisneunkirchen.de\/wp-content\/uploads\/2025\/02\/Presseinformation_September_2020_Weltalzheimer-Tag-1.webp\" alt=\"\" data-image-width=\"601\" data-image-height=\"850\">\n        <h2 class=\"u-align-left u-text u-text-1\">21. September 2020<br> Welt-Alzheimertag\n        <\/h2>\n        <p class=\"u-align-left u-text u-text-2\" data-animation-name=\"\" data-animation-duration=\"0\" data-animation-delay=\"0\" data-animation-direction=\"\"> Am 21. September 2020 ist Welt-Alzheimertag, der in diesem Jahr unter dem Motto \u201eDemenz- Wir m\u00fcssen reden\u201c steht.<br>\n          <br>In der Bundesrepublik Deutschland leben derzeit ca. 1,7 Millionen Menschen mit Demenz. H\u00e4ufigste Form ist die Alzheimer-Krankheit.<br>\n          <br>Saarlandweit haben wir es mit ca. 23.000 Betroffenen zu tun. Aufgrund des demografischen Wandels und einer immer gr\u00f6\u00dfer werdenden Zahl von \u00e4lteren Menschen ist davon auszugehen, dass die Zahl von Menschen mit Demenz immer gr\u00f6\u00dfer werden wird, sofern kein Durchbruch in Behandlung und Therapie erzielt wird.<br>\n          <br>Aktuellen Sch\u00e4tzungen zufolge wird sich die Zahl der Betroffenen bis zum Jahr 2050 verdoppeln.<br>Demenzen sind eine der h\u00e4ufigsten Ursachen f\u00fcr Pflegebed\u00fcrftigkeit im Alter und in den meisten F\u00e4llen unumkehrbar, anhaltend und fortschreitend.<br>\n          <br>Derzeit werden im Saarland ca. 75% der Betroffenen durch Angeh\u00f6rige, meist Frauen, betreut und gepflegt.\n        <\/p>\n        <p class=\"u-align-center u-text u-text-grey-30 u-text-3\">\n          <a class=\"u-border-none u-btn u-button-link u-button-style u-file-link u-hover-none u-none u-text-custom-color-118 u-text-hover-palette-4-base u-btn-1\" href=\"https:\/\/www.netzwerkdemenz-landkreisneunkirchen.de\/fileadmin\/user_upload\/demenz_nk\/Netzwerk\/PDF\/Presseinformation_September_2020_Weltalzheimer-Tag.pdf\" target=\"_blank\">Presseinformation<br>Weltalzhe\u200bimertag 2020\n          <\/a>\n        <\/p>\n        <p class=\"u-align-left u-text u-text-4\"> Sehr wichtig und hilfreich f\u00fcr die Betroffenen ist daher auch die Einbeziehung, Aufkl\u00e4rung und Begleitung der pflegenden Angeh\u00f6rigen.<br>\n          <br>Pflegende Angeh\u00f6rige sind mit der Betreuung von Menschen, die unter einer Demenz leiden und psychisch ver\u00e4ndert sind, vor eine besonders schwierige Aufgabe gestellt. Angeh\u00f6rige von Menschen mit Demenz sind nicht nur den Belastungen ausgesetzt, wie man sie auch bei Angeh\u00f6rigen von Menschen mit schweren chronischen, k\u00f6rperlichen Erkrankungen findet. Hinzu kommen vielmehr noch spezielle Probleme durch Orientierungsst\u00f6rungen, Umkehr des Tag-Nacht-Rhythmus, Vergesslichkeit, Unruhezust\u00e4nde, Aggressivit\u00e4t und Wesensver\u00e4nderung, die die Pflegesituation in der H\u00e4uslichkeit zus\u00e4tzlich belasten k\u00f6nnen.<br>\n          <br>F\u00fcr viele Angeh\u00f6rige bringt die Pflege und Betreuung ihres demenzkranken Angeh\u00f6rigen durch das st\u00e4ndige Verf\u00fcgbarsein, ein hohes Ma\u00df an Belastung mit sich, das zu k\u00f6rperlichen und seelischen Erkrankungen f\u00fchren kann.<br>\n          <br>\n          <span style=\"font-weight: 700;\">Die h\u00e4usliche Pflege und Betreuung eines an Demenz erkrankten Betroffenen kann nur dann gelingen, wenn sie von Angeh\u00f6rigen durchgef\u00fchrt wird, die selber auch f\u00fcr sich sorgen k\u00f6nnen und gesund bleiben. Deshalb ist neben der optimalen Behandlung des Betroffenen ein wesentlicher Grundbaustein die Bereitschaft von pflegenden Angeh\u00f6rigen Entlastungsangebote in Anspruch zu nehmen.<\/span>\n          <br>\n          <br>Sinnvolle Entlastungsangebote f\u00fcr Angeh\u00f6rige sind bspw. eine qualifizierte Pflegeberatung, spezielle Schulungen, Gruppen zum Erfahrungsaustausch, h\u00e4usliche Betreuungsangebote, Tages- und Kurzzeitpflege.<br>\n          <br>Angeh\u00f6rige, die Beratung und Unterst\u00fctzung annehmen, k\u00f6nnen ihre Lebenssituation und das Befinden ihrer demenzkranken Angeh\u00f6rigen g\u00fcnstig beeinflussen, wie die Landes\u00e4rztin f\u00fcr an Demenz erkrankte Menschen, Frau Dr. Fehrenbach, betont.<br>\n          <br>N\u00e4here Informationen zum Thema Demenz, kostenlose Informationsbrosch\u00fcren, Adressen vor Ort bei der<br>\n          <br>Landesfachstelle Demenz<br>Herr Andreas Sauder<br>Ludwigstr. 5<br>66740 Saarlouis<br>Tel.: <a href=\"tel:068314881814\" class=\"u-border-none u-btn u-button-link u-button-style u-hover-none u-none u-text-custom-color-118 u-text-hover-palette-4-base u-btn-2\">06831-48818-14<\/a>\n          <br>\n          <span style=\"letter-spacing: -0.1px; line-height: 1.4;\"><u>\n              <a href=\"http:\/\/www.demenz-saarland.dev\" class=\"u-border-none u-btn u-button-link u-button-style u-hover-none u-none u-text-custom-color-118 u-text-hover-palette-4-base u-btn-3\" target=\"_blank\">www.demenz-saarland.de<\/a><\/u>\n          <\/span>\n          <br>\n          <a href=\"mailto:landesfachstelle@demenz-saarland.de\" class=\"u-border-none u-btn u-button-link u-button-style u-hover-none u-none u-text-custom-color-118 u-text-hover-palette-4-base u-btn-4\">landesfachstelle(at)demenz-saarland.de<\/a>&nbsp;<br>\n          <br>Landes\u00e4rztin f\u00fcr Demenz<br>Frau Dr. R.A. Fehrenbach<br>Gerontopsychiatrische Klinik SHG Sonnenberg<br>Sonnenbergstra\u00dfe<br>66119 Saarbr\u00fccken<br>Tel.: <a href=\"tel:06818892532\" class=\"u-border-none u-btn u-button-link u-button-style u-hover-none u-none u-text-custom-color-118 u-text-hover-palette-4-base u-btn-5\">0681\/8892532<\/a>\n        <\/p>\n        <a href=\"https:\/\/www.netzwerkdemenz-landkreisneunkirchen.de\/?page_id=78\" class=\"u-border-none u-btn u-btn-round u-button-style u-custom-color-105 u-radius u-btn-6\">Z<span style=\"font-weight: 700;\"><\/span>ur\u00fcck\n        <\/a>\n      <\/div>\n    <\/section>\n    <section class=\"u-align-left u-clearfix u-container-align-left u-section-7\" id=\"2020Erfahrungsaustausch\">\n      <div class=\"u-clearfix u-sheet u-valign-middle u-sheet-1\">\n        <h2 class=\"u-align-left u-text u-text-1\"> 04. September 2020<br> Erfahrungsaustausch f\u00fcr pflegende Angeh\u00f6rige von Menschen mit Frontotemporaler Demenz\n        <\/h2>\n        <p class=\"u-align-left u-text u-text-default u-text-2\"> Neue einzigartige Selbsthilfegruppe<br>\n          <br>Erfahrungsaustausch f\u00fcr pflegende Angeh\u00f6rige von Menschen mit Frontotemporaler DemenzIn Deutschland leben etwa 33.000 Menschen mit einer Frontotemporalen Demenz.<br>\n          <br>Saarlandweit sind von den insgesamt rund 21.000 Demenzerkrankten ca. 400 Menschen daran erkrankt.<br>Die Erkrankung wird durch den Untergang von Nervenzellen im Stirn- und Schl\u00e4fenlappen des Gehirns verursacht. Die ersten Symptome treten normalerweise fr\u00fcher auf als bei der Alzheimer-Krankheit: Das durchschnittliche Erkrankungsalter liegt zwischen 50 und 60 Jahren, wobei die Spanne sehr gro\u00df ist (20 \u2013 85 Jahre).<br>\n          <br>Die Begleitung eines Menschen, der an einer Frontotemporalen Demenz erkrankt ist, stellt f\u00fcr die Angeh\u00f6rigen immer eine ganz besondere Herausforderung dar. Teilnahmslosigkeit, Aggressivit\u00e4t, Verlust des Einf\u00fchlungsverm\u00f6gens, Stimmungsschwankungen oder impulsives und unberechenbares Verhalten.<br>\n          <br>Die Landesfachstelle Demenz Saarland, die&nbsp; KISS - Kontakt und Informationsstelle f\u00fcr Selbsthilfe im Saarland und der Demenz-Verein Saarlouis e.V. m\u00f6chten gemeinsam mit dieser neuen Selbsthilfegruppe Menschen ansprechen, die einen an Frontotemporaler Demenz erkrankten Angeh\u00f6rigen zu Hause pflegen.<br>\n          <br>Das neu geschaffene Angebot bietet:<br>\n        <\/p>\n        <ul class=\"u-align-left u-text u-text-default u-text-3\">\n          <li> den Raum, sich in einem vertrauensvollen Rahmen zu \u00f6ffnen, sich verstanden und angenommen zu f\u00fchlen von Menschen in \u00e4hnlichen Lebenssituationen<\/li>\n          <li> Auseinandersetzung mit dem Krankheitsbild der Frontotemporalen Demenz, das individuell sehr unterschiedlich ist und doch typische Merkmale erkennen l\u00e4sst<\/li>\n          <li> Erfahrungsaustausch untereinander und Tipps, die den Umgang mit den Betroffenen und die Pflege erleichtern k\u00f6nnen<\/li>\n          <li>L\u00f6sungsm\u00f6glichkeiten kennenzulernen, eigene Bed\u00fcrfnisse wahrzunehmen und Grenzen setzen zu k\u00f6nnen.<\/li>\n        <\/ul>\n        <p class=\"u-align-left u-text u-text-4\">\n          <span style=\"font-weight: 700;\">Weitere Termine auf Anfrage.<\/span>\n          <br>Kontakt und Anmeldung unter <a href=\"tel:06831488180\" class=\"u-border-none u-btn u-button-link u-button-style u-hover-none u-none u-text-custom-color-118 u-text-hover-palette-4-base u-btn-1\">06831\/ 48818-0<\/a>\n          <br>E-Mail: <a href=\"mailto:sekretariat@demenz-saarlouis.de\" class=\"u-border-none u-btn u-button-link u-button-style u-hover-none u-none u-text-custom-color-118 u-text-hover-palette-4-base u-btn-2\">sekretariat@demenz-saarlouis.de<\/a>\n          <br>\n        <\/p>\n        <a href=\"https:\/\/www.netzwerkdemenz-landkreisneunkirchen.de\/?page_id=78\" class=\"u-border-none u-btn u-btn-round u-button-style u-custom-color-118 u-radius u-btn-3\">Z<span style=\"font-weight: 700;\"><\/span>ur\u00fcck\n        <\/a>\n      <\/div>\n    <\/section>\n    <section class=\"u-align-left u-clearfix u-custom-color-115 u-lightbox u-section-8\" id=\"2020Maske\">\n      <div class=\"u-clearfix u-sheet u-valign-middle-xs u-sheet-1\">\n        <img decoding=\"async\" class=\"u-border-2 u-border-custom-color-118 u-expanded-width-xs u-image u-image-round u-radius u-image-1\" src=\"https:\/\/www.netzwerkdemenz-landkreisneunkirchen.de\/wp-content\/uploads\/2025\/02\/demenzverein-1.webp\" alt=\"\" data-image-width=\"1133\" data-image-height=\"850\">\n        <h2 class=\"u-align-left u-text u-text-1\">01. Mai 2020<br> Die Mama sieht nur eine Maske mit Augen\n        <\/h2>\n        <p class=\"u-align-left u-text u-text-body-color u-text-2\" data-animation-name=\"\" data-animation-duration=\"0\" data-animation-delay=\"0\" data-animation-direction=\"\"> Presseartikel \"Saarbr\u00fccker Zeitung, vom FREITAG 01. MAI 2020\"<br>\n          <br>Folgen der Anti-Corona-Ma\u00dfnahmen bereiten Experten vom Demenzverein Neunkirchen und der Landesfachstelle Sorgen. Das Virus trifft die Qualit\u00e4t der Versorgung mit voller Wucht.<br>\n          <br>Von Claudia Emmerich Lokalredaktion Neunkirchen<br>\n          <br>F\u00fcrs Versorgen demenzkranker Menschen ist die Corona-Pandemie der \u201eSupergau\u201c. Da sind sich Volker Schwarz und Petra Nix vom Demenzverein Neunkirchen (siehe \u201eInfo\u201c) und Andreas Sauder von der Landesfachstelle Demenz einig. Im Gespr\u00e4ch mit unserer Zeitung schildern sie, was es f\u00fcr Betroffene, ihre Familien, aber auch die ambulanten und station\u00e4ren Einrichtungen, die sozialen Dienstleister insgesamt bedeutet, wenn Kontaktsperren gelten, Distanz einzuhalten ist, Schutz- und Hygienebestimmungen greifen, Entlastungsangebote wegfallen. Menschlicher Schmerz, wirtschaftliche Zw\u00e4nge.<br>Die Anti-Corona-Ma\u00dfnahmen, so die Expertenrunde, treffen die \u201eQualit\u00e4t der Versorgung\u201c mit voller Wucht.\n        <\/p>\n        <p class=\"u-align-left u-small-text u-text u-text-variant u-text-3\"> Bei der Kommunikation mit dementen Menschen k\u00f6nnen Masken und Schutzkleidung zur Barriere werden.<br>Im Landkreis Neunkirchen sind rund 3000 Menschen an Demenz erkrankt.<br>Foto: dpa\/Benoit Doppagne\n        <\/p>\n        <p class=\"u-align-left u-text u-text-4\">Petra Nix, die beim Demenzverein als gerontopsychiatrische Pflegekraft spezielle Beratung anbietet, h\u00f6rt in Gespr\u00e4chen aktuell viel Verzweiflung heraus. \u201eEine Tochter hat mich angerufen. Die Eltern werden versorgt von einer ausl\u00e4ndischen Pflegekraft. Die ist zur\u00fcck nach Polen. Sie wei\u00df nicht weiter\u201c, schildert Nix. In einem anderen Fall hat die Tochter den Vater in der Tagespflege. Die Einrichtung ist zu. Und jetzt? In einem weiteren Fall hat der Ehemann seine Frau aus dem Heim nach Hause geholt, weil sie dort Essen und Trinken verweigerte. Aber jetzt zu Hause das dringend erforderliche Hilfenetz kn\u00fcpfen, gestaltet sich noch schwieriger als sowieso schon in nicht Corona-Zeiten.&nbsp;<br>\n          <br>23000 Demenzkranke gibt es im Saarland, drei Viertel werden zu Hause gepflegt. Diese Zahlen nennt Sauder und formuliert die Forderung: \u201eWir brauchen eine Notbetreuung.\u201c Wie man sie auch f\u00fcr Kinder einrichte. Sie h\u00f6rten \u201ekatastrophale R\u00fcckmeldungen\u201c, wenn etwa Tagespflegeeinrichtungen geschlossen seien: \u201eOft ist dann die Versorgung zu Hause nicht gesichert.\u201c&nbsp;<br>\n          <br>Definiert ist Demenz (lat. Dementia, \u201eohne Geist\u201c) durch einen Abbau geistiger Funktionen, der dazu f\u00fchrt, dass Alltagskompetenzen mit der Zeit verloren gehen. Da braucht es einen besonderen Umgang, andere Formen von Kommunikation. Wie soll man einem Demenzkranken Schutzma\u00dfnahmen wie Kleidung und Masken erkl\u00e4ren?, fragt Nix. \u201eSie k\u00f6nnen das kognitiv nicht begreifen.\u201c Demenzkranke brauchen N\u00e4he, k\u00f6rperliche Zuwendung. Schutzkleidung und Masken bauen da Barrieren auf: \u201eSie sehen nur Masken mit Augen.\u201c Aber sie sehen keine Mimik, die ihnen verstehen helfen kann. Und \u00fcbers Tablet mit den Angeh\u00f6rigen sprechen, die nicht zu Besuch kommen d\u00fcrfen? \u201eDu gibst das Tablet der Mama, die legt es zur Seite\u201c, sagt Nix. \u201eSie erkennt den Mann, die Tochter, den Sohn nicht. Sie braucht dazu auch andere Reize als das Bild.<br>\n          <br>\u201cDie Leitungen der Pflegeheime seien ebenfalls in einer schwierigen Situation, alle Aufgaben zu meistern, sagen die Experten. Ebenso die Mitarbeiter. Der zwischenzeitliche Aufnahmestopp sei jedenfalls nicht durchzuhalten. Wer reinkommt, m\u00fcsse getestet werden, dann auch 14 Tage in Quarant\u00e4ne. Die n\u00e4chste Herausforderung.<br>\n          <br>Gerade wenn die kranken Menschen getrieben und unruhig seien, was zum Krankheitsbild geh\u00f6re, steige die Belastung f\u00fcr die sorgenden Angeh\u00f6rigen im h\u00e4uslichen Umfeld, f\u00fchrt Nix aus. Die drei Stunden in der Tagespflege beispielsweise sind dann die Zeit, in der der Sorgende sich erholen kann. Wenn nun dieses Angebot wegbricht, wo bleibt dann noch Erholungszeit? Die Lage spitzt sich zu. Zumal auch unterst\u00fctzende mobile Helfer und meist weibliche Ehrenamtliche oft selbst wegen ihres Alters in die Risikogruppe geh\u00f6ren. Die Familien z\u00f6gerten aber auch, sagt Schwarz, jemanden in die Wohnung zu lassen. Ein Teufelskreis.<br>\n          <br>Wenn Kinder oder Ehepartner merken, da stimmt was nicht mit dem Vater, der Mutter, dem Ehepartner, sei schnelle und sichere Diagnosestellung und schnelle und gute medikament\u00f6se Einstellung wichtig, erinnert Sauder.&nbsp;<br>Und beides sei derzeit erschwert. Erstmal muss man einen Termin beim Hausarzt und Neurologen bekommen. Zum anderen nehmen Familien aus Angst vor Ansteckung Termine nicht wahr. Mit Konsequenzen f\u00fcr den Menschen am Anfang einer Demenz.<br>\n          <br>Zudem liegt der Bereich der Aus- und Fortbildung brach, stellt die Runde weiter fest: Kurse und Veranstaltungen fallen aus. Auch das hat perspektivisch Auswirkungen auf die Versorgungslage.<br>\n          <br>\n          <span style=\"font-weight: 700;\">Info:<br>Individuelle Hilfe und Beratung\n          <\/span>\n          <br>\n          <br>Der Demenzverein im Landkreis Neunkirchen wurde 2003 gegr\u00fcndet. Er beschreibt seine Aufgaben so: individuelle Demenzberatung, Einzelfallhilfe und Begleiten von Demenzkranken und deren Angeh\u00f6rigen, Aufbau und Unterst\u00fctzung von Selbsthilfegruppen, Informationsveranstaltungen, Fortbildungsveranstaltungen, \u00d6ffentlichkeitsarbeit, Teil des regionalen Netzwerkes Demenz im Landkreis Neunkirchen.<br>\n          <br>\n          <span style=\"font-weight: 700;\">Das B\u00fcro<\/span>&nbsp;der Gesch\u00e4ftsstelle ist zwar aktuell f\u00fcr den Publikumsverkehr geschlossen. Die Gesch\u00e4ftsstelle ist dennoch t\u00e4glich von 9 bis 15 Uhr erreichbar.<br>\n          <br>\n          <span style=\"font-weight: 700;\">Kontakt:&nbsp;<\/span>\n          <br>Telefon:&nbsp;<a href=\"tel:068249062154\" class=\"u-border-none u-btn u-button-link u-button-style u-hover-none u-none u-text-custom-color-118 u-text-hover-palette-4-base u-btn-1\">(06824) 906-2154<\/a>\n          <br>E-Mail: <a href=\"mailto:demenzverein@landkreis-neunkirchen.de\" class=\"u-border-none u-btn u-button-link u-button-style u-hover-none u-none u-text-custom-color-118 u-text-hover-palette-4-base u-btn-2\">demenzverein@landkreis-neunkirchen.de<\/a>\n        <\/p>\n        <a href=\"https:\/\/www.netzwerkdemenz-landkreisneunkirchen.de\/?page_id=78\" class=\"u-border-none u-btn u-btn-round u-button-style u-custom-color-105 u-radius u-btn-3\">Z<span style=\"font-weight: 700;\"><\/span>ur\u00fcck\n        <\/a>\n      <\/div>\n    <\/section>\n    <section class=\"u-align-left u-clearfix u-lightbox u-section-9\" id=\"2020Vergiss\">\n      <div class=\"u-clearfix u-sheet u-sheet-1\">\n        <img decoding=\"async\" class=\"u-align-right u-border-2 u-border-custom-color-118 u-expanded-width-xs u-image u-image-contain u-image-round u-radius u-image-1\" src=\"https:\/\/www.netzwerkdemenz-landkreisneunkirchen.de\/wp-content\/uploads\/2025\/02\/csm_vergissmeinnnicht_8b92e15a92-1.webp\" alt=\"\" data-image-width=\"1534\" data-image-height=\"850\">\n        <h2 class=\"u-align-left u-text u-text-1\">20. April 2020<br> Neunkirchen bei \u201eVergi\u00df-Mein-Nicht\u201c dabei\n        <\/h2>\n        <p class=\"u-align-left u-text u-text-2\" data-animation-name=\"\" data-animation-duration=\"0\" data-animation-delay=\"0\" data-animation-direction=\"\"> Presseartikel \"Saarbr\u00fccker Zeitung, vom MONTAG 20. APRIL 2020\"<br>\n          <br>\n          <span style=\"font-weight: 700;\">Neunkirchen<br>Die Kampagne der Landesregierung und des saarl\u00e4ndischen Sozialministerium dient als symbolisches Zeichen, das auf die Volkskrankheit Demenz hinweist.\n          <\/span>\n          <br>\n          <br>\u201eEs beginnt h\u00e4ufig mit Einschr\u00e4nkungen der Merkf\u00e4higkeit und des Kurzzeitged\u00e4chtnisses,\u201c so Oberb\u00fcrgermeister J\u00f6rg Aumann \u00fcber die Volkskrankheit Demenz. Rund 1,7 Mio. Menschen mit Demenz leben laut der Deutschen Alzheimer-Gesellschaft hierzulande. Die Zahl nimmt kontinuierlich zu. \u201eDiese Menschen brauchen Hilfe. Dabei ist es schwer zu erkennen und zu akzeptieren, dass ein Mensch sukzessive immer mehr vergisst\u201c, erkl\u00e4rt Aumann.<br>\n          <br>Nicht nur die Erkrankten, sondern auch die pflegenden Angeh\u00f6rigen leiden sehr unter dieser Krankheit, denn h\u00e4ufig werden die&nbsp;Patienten&nbsp;im h\u00e4uslichen Umfeld gepflegt. Wichtig ist, dass den Kranken und ihren Angeh\u00f6rigen Verst\u00e4ndnis entgegengebracht wird.\n        <\/p>\n        <p class=\"u-align-left u-small-text u-text u-text-variant u-text-3\"> Sozialdezernent und Erster Beigeordneter Thomas Hans und Monika Jost vom st\u00e4dtischen Seniorenb\u00fcro vor einem Beet mit Vergissmeinnicht-Pfl\u00e4nzchen. Diese sollen als symbolisches Zeichen dienen, das auf die Demenzkrankheit hinweist. Foto: Kreisstadt Neunkirchen<\/p>\n        <p class=\"u-align-left u-text u-text-4\" data-animation-name=\"\" data-animation-duration=\"0\" data-animation-delay=\"0\" data-animation-direction=\"\"> Die Stadt Neunkirchen ist Mitglied im regionalen Netzwerk Demenz im Landkreis. \u201eGemeinsam machen wir uns stark f\u00fcr die Kranken und ihre Angeh\u00f6rigen. In Neunkirchen existieren mehrere niedrigschwellige Angebote\u201c, informiert Sozialdezernent Thomas Hans. \u201eRegelm\u00e4\u00dfig jeden ersten Montag im Monat trifft sich eine Selbsthilfegruppe f\u00fcr Angeh\u00f6rige von Alzheimerkranken und Demenzkranken in der Saarland Klinik Kreuznacher Diakonie in der Fliednerstra\u00dfe zum Austausch. Monika Jost vom st\u00e4dtischen Seniorenb\u00fcro koordiniert das Treffen in Zusammenarbeit mit dem Team der psychiatrischen Abteilung. Der Demenzverein des Landkreises steht mit Rat und Tat zur Seite. Die Caritas bildet zudem ehrenamtliche Helfer und Helferinnen aus, die in einer w\u00f6chentlich angebotenen Betreuungsgruppe in Neunkirchen t\u00e4tig sind. Der Caritasverband und das Seniorenb\u00fcro der Kreisstadt Neunkirchen beraten \u00fcberdies pflegende Angeh\u00f6rige. Ich kann nur raten, diese Hilfen auch anzunehmen\u201c, so Hans. Gerade in den Zeiten der Coronakrise ist die Betreuung Demenzkranker besonders schwierig, da die Tagespflege-Angebote wegfallen. Auch sind derzeit keine Besuchsdienste erlaubt. Das bedeutet einerseits Schutz f\u00fcr die Patienten, bringt aber andererseits eine deutliche Mehrbelastung f\u00fcr die Angeh\u00f6rigen mit sich, die sich rund um die Uhr um die Kranken k\u00fcmmern m\u00fcssen.<br>\n          <br>Ein starkes symbolisches Zeichen setzt die Kampagne \u201eVergiss-Mein-Nicht\u201c, die von der Landesregierung und vom saarl\u00e4ndischen Sozialministerium initiiert wurde und gemeinsam mit der Landesfachstelle f\u00fcr Demenz und den lokalen Gruppierungen f\u00fcr mehr \u00f6ffentliche Wahrnehmung dieser Krankheit werben will. \u201eWir haben die blauen Vergissmeinnicht-Pfl\u00e4nzchen in einem kreisrunden Beet gepflanzt. Rundum stehen wei\u00df-rosa Bellis. Das symbolisiert die Inklusion in der Gesellschaft. Keiner wird au\u00dfen vorgelassen. \u201eDemenz geht uns alle an!\u201c best\u00e4rkt der Beigeordnete Hans.\n        <\/p>\n        <a href=\"https:\/\/www.netzwerkdemenz-landkreisneunkirchen.de\/?page_id=78\" class=\"u-border-none u-btn u-btn-round u-button-style u-custom-color-105 u-radius u-btn-1\">Z<span style=\"font-weight: 700;\"><\/span>ur\u00fcck\n        <\/a>\n      <\/div>\n    <\/section>\n    <section class=\"u-align-left u-clearfix u-custom-color-115 u-lightbox u-section-10\" id=\"2020Ausstellung\">\n      <div class=\"u-clearfix u-sheet u-sheet-1\">\n        <div data-interval=\"5000\" data-u-ride=\"carousel\" class=\"u-carousel u-expanded-width u-hidden-lg u-hidden-xl u-slider u-slider-1\" id=\"carousel-05ba\">\n          <ol class=\"u-absolute-hcenter u-carousel-indicators u-carousel-indicators-1\">\n            <li data-u-target=\"#carousel-05ba\" class=\"u-active u-active-grey-10 u-grey-30 u-shape-circle\" data-u-slide-to=\"0\" style=\"width: 10px; height: 10px;\"><\/li>\n            <li data-u-target=\"#carousel-05ba\" class=\"u-active-grey-10 u-grey-30 u-shape-circle\" data-u-slide-to=\"1\" style=\"width: 10px; height: 10px;\"><\/li>\n            <li data-u-target=\"#carousel-05ba\" class=\"u-active-grey-10 u-grey-30 u-shape-circle\" data-u-slide-to=\"2\" style=\"width: 10px; height: 10px;\"><\/li>\n            <li data-u-target=\"#carousel-05ba\" class=\"u-active-grey-10 u-grey-30 u-shape-circle\" data-u-slide-to=\"3\" style=\"width: 10px; height: 10px;\"><\/li>\n            <li data-u-target=\"#carousel-05ba\" class=\"u-active-grey-10 u-grey-30 u-shape-circle\" data-u-slide-to=\"4\" style=\"width: 10px; height: 10px;\"><\/li>\n            <li data-u-target=\"#carousel-05ba\" class=\"u-active-grey-10 u-grey-30 u-shape-circle\" data-u-slide-to=\"5\" style=\"width: 10px; height: 10px;\"><\/li>\n          <\/ol>\n          <div class=\"u-carousel-inner\" role=\"listbox\">\n            <div class=\"u-active u-carousel-item u-container-align-center-md u-container-align-center-sm u-container-align-center-xs u-container-style u-slide\">\n              <div class=\"u-container-layout u-valign-top-md u-valign-top-sm u-container-layout-1\">\n                <img decoding=\"async\" class=\"u-image u-image-default u-image-1\" src=\"https:\/\/www.netzwerkdemenz-landkreisneunkirchen.de\/wp-content\/uploads\/2025\/03\/csm_P2169257_a-web_894efb8d21-1.webp\" alt=\"\" data-image-width=\"1274\" data-image-height=\"850\">\n                <p class=\"u-text u-text-default-md u-text-default-sm u-text-default-xs u-text-grey-30 u-text-1\"> Bild: Marienhausklinik Ottweiler<\/p>\n              <\/div>\n            <\/div>\n            <div class=\"u-carousel-item u-container-align-center-md u-container-align-center-sm u-container-align-center-xs u-container-style u-slide\">\n              <div class=\"u-container-layout u-container-layout-2\">\n                <img decoding=\"async\" class=\"u-image u-image-default u-image-2\" src=\"https:\/\/www.netzwerkdemenz-landkreisneunkirchen.de\/wp-content\/uploads\/2025\/03\/csm_P2169245_a-web_4ebd593f1a-1.webp\" alt=\"\" data-image-width=\"1276\" data-image-height=\"850\">\n                <p class=\"u-text u-text-default-md u-text-default-sm u-text-default-xs u-text-grey-30 u-text-2\"> Bild: Marienhausklinik Ottweiler<\/p>\n              <\/div>\n            <\/div>\n            <div class=\"u-carousel-item u-container-align-center-md u-container-align-center-sm u-container-align-center-xs u-container-style u-slide\">\n              <div class=\"u-container-layout u-container-layout-3\">\n                <img decoding=\"async\" class=\"u-image u-image-default u-image-3\" src=\"https:\/\/www.netzwerkdemenz-landkreisneunkirchen.de\/wp-content\/uploads\/2025\/03\/csm_Alzheimer_und_Kunst_c9364ec3d2-1.webp\" alt=\"\" data-image-width=\"1278\" data-image-height=\"850\">\n                <p class=\"u-text u-text-default-md u-text-default-sm u-text-default-xs u-text-grey-30 u-text-3\"> J\u00f6rg Eberling (links) im Gespr\u00e4ch mit Beate Leonhard-Kaul, S\u00f6ren Meng und&nbsp;Thomas Hans. <br>Foto: Anja Kernig\n                <\/p>\n              <\/div>\n            <\/div>\n            <div class=\"u-carousel-item u-container-align-center-md u-container-align-center-sm u-container-align-center-xs u-container-style u-slide\">\n              <div class=\"u-container-layout u-container-layout-4\">\n                <img decoding=\"async\" class=\"u-image u-image-default u-image-4\" src=\"https:\/\/www.netzwerkdemenz-landkreisneunkirchen.de\/wp-content\/uploads\/2025\/03\/csm_P2169249_a_web_19aac99292-1.webp\" alt=\"\" data-image-width=\"1276\" data-image-height=\"850\">\n                <p class=\"u-text u-text-default-md u-text-default-sm u-text-default-xs u-text-grey-30 u-text-4\"> Bild: Marienhausklinik Ottweiler<\/p>\n              <\/div>\n            <\/div>\n            <div class=\"u-carousel-item u-container-align-center-md u-container-align-center-sm u-container-align-center-xs u-container-style u-slide\">\n              <div class=\"u-container-layout u-container-layout-5\">\n                <img decoding=\"async\" class=\"u-image u-image-default u-image-5\" src=\"https:\/\/www.netzwerkdemenz-landkreisneunkirchen.de\/wp-content\/uploads\/2025\/03\/csm_P2169247_a_web_7b2bbae84a-1.webp\" alt=\"\" data-image-width=\"1276\" data-image-height=\"850\">\n                <p class=\"u-text u-text-default-md u-text-default-sm u-text-default-xs u-text-grey-30 u-text-5\"> Bild: Marienhausklinik Ottweiler<\/p>\n              <\/div>\n            <\/div>\n            <div class=\"u-carousel-item u-container-align-center-md u-container-align-center-sm u-container-align-center-xs u-container-style u-slide\">\n              <div class=\"u-container-layout u-container-layout-6\">\n                <img decoding=\"async\" class=\"u-image u-image-default u-image-6\" src=\"https:\/\/www.netzwerkdemenz-landkreisneunkirchen.de\/wp-content\/uploads\/2025\/03\/csm_P2169246_a_web_8e34df31b0-1.webp\" alt=\"\" data-image-width=\"1276\" data-image-height=\"850\">\n                <p class=\"u-text u-text-default-md u-text-default-sm u-text-default-xs u-text-grey-30 u-text-6\"> Bild: Marienhausklinik Ottweiler<\/p>\n              <\/div>\n            <\/div>\n          <\/div>\n          <a class=\"u-absolute-vcenter u-carousel-control u-carousel-control-prev u-spacing-5 u-text-grey-30 u-carousel-control-1\" href=\"#carousel-05ba\" role=\"button\" data-u-slide=\"prev\">\n            <span aria-hidden=\"true\">\n              <svg viewBox=\"0 0 477.175 477.175\"><path d=\"M145.188,238.575l215.5-215.5c5.3-5.3,5.3-13.8,0-19.1s-13.8-5.3-19.1,0l-225.1,225.1c-5.3,5.3-5.3,13.8,0,19.1l225.1,225\n                    c2.6,2.6,6.1,4,9.5,4s6.9-1.3,9.5-4c5.3-5.3,5.3-13.8,0-19.1L145.188,238.575z\"><\/path><\/svg>\n            <\/span>\n            <span class=\"sr-only\">Previous<\/span>\n          <\/a>\n          <a class=\"u-absolute-vcenter u-carousel-control u-carousel-control-next u-spacing-5 u-text-grey-30 u-carousel-control-2\" href=\"#carousel-05ba\" role=\"button\" data-u-slide=\"next\">\n            <span aria-hidden=\"true\">\n              <svg viewBox=\"0 0 477.175 477.175\"><path d=\"M360.731,229.075l-225.1-225.1c-5.3-5.3-13.8-5.3-19.1,0s-5.3,13.8,0,19.1l215.5,215.5l-215.5,215.5\n                    c-5.3,5.3-5.3,13.8,0,19.1c2.6,2.6,6.1,4,9.5,4c3.4,0,6.9-1.3,9.5-4l225.1-225.1C365.931,242.875,365.931,234.275,360.731,229.075z\"><\/path><\/svg>\n            <\/span>\n            <span class=\"sr-only\">Next<\/span>\n          <\/a>\n        <\/div>\n        <img decoding=\"async\" class=\"u-border-2 u-border-custom-color-118 u-hidden-md u-hidden-sm u-hidden-xs u-image u-image-contain u-image-round u-radius u-image-7\" src=\"https:\/\/www.netzwerkdemenz-landkreisneunkirchen.de\/wp-content\/uploads\/2025\/02\/csm_P2169245_a-web_4ebd593f1a-1.webp\" alt=\"\" data-image-width=\"1276\" data-image-height=\"850\">\n        <h2 class=\"u-align-left u-text u-text-7\">21. Februar 2020<br> Ausstellung \"Alzheimer und Kunst\" in der Marienhausklinik Ottweiler\n        <\/h2>\n        <p class=\"u-align-left u-text u-text-8\"> Presseartikel \"Saarbr\u00fccker Zeitung, vom DONNERSTAG 20. FEBRUAR 2020\"<br>\n          <br>\n          <span style=\"font-weight: 700;\">Ausstellung Ottweiler: Wie man gegen Alzheimer (ein wenig) gewinnt<\/span>\n          <br>\n          <br>Bilder aus der \u201eTraumwelt\u201c des an Demenz erkrankten K\u00fcnstlers und Werbegraphikers Carolus Horn zeigt die Marienhausklinik Ottweiler bis 31. M\u00e4rz.<br>\n          <br>\u201eAlzheimer und Kunst, passt das zusammen?\u201c&nbsp;<br>Mit dieser Eingangsfrage d\u00fcrfte Referent J\u00f6rg Eberling vielen Skeptikern aus der Seele gesprochen haben. 40 Minuten sp\u00e4ter war klar: Diese heimt\u00fcckische Krankheit, die dem Patient jeden Tag ein St\u00fcck seiner Pers\u00f6nlichkeit unwiederbringlich raubt, l\u00e4sst sehr wohl k\u00fcnstlerisches Arbeiten zu und verliert durch dieses sogar ein St\u00fcck weit ihren Schrecken.&nbsp;<br>Bewiesen hat dies das Ehepaar Horn: Carolus, begnadeter Werbetexter und Zeichner, der Nachkriegsdeutschland solch eing\u00e4ngige Slogans wie \u201eEs gibt viel zu tun. Packen wir\u2018s an\u201c oder \u201eNur fliegen ist sch\u00f6ner\u201c schenkte, und seine Ehefrau Tilde. Die Plakate und Illustrationen des Wiesbadeners K\u00fcnstlers kannte in den 1960\/70er Jahren jedes Kind.<br>\n          <br>Im Alter von 60 Jahren erkrankte Horn an Alzheimer und starb mit 71. Wie sich die Krankheit in seine Werke einschlich und sie schlie\u00dflich dominierte, dokumentiert die vom lokalen Netzwerk Demenz nach 2004 jetzt erneut in den Landkreis geholte Wanderausstellung des Pharmakonzerns Novartis eindrucksvoll. Gastgeberin Beate Leonhard-Kaul hofft, dass sie \u201eeine gr\u00f6\u00dfere Sensibilit\u00e4t f\u00fcr das Thema Demenz und Alzheimer wecken kann\u201c.<br>\n          <br>Laut der Oberin der Marienhausklinik Ottweiler sei es wichtig, \u201eein Verst\u00e4ndnis daf\u00fcr zu entwickeln\u201c, um \u201eersp\u00fcren zu k\u00f6nnen, was in dem erkrankten Menschen vor sich geht\u201c.Mit seinem lebhaften, profunden Vortrag trug J\u00f6rg Eberling in jedem Fall dazu bei: \u201eCarolus Horn war ein Gigant unter den Grafikern\u201c, schilderte der Kurator. Dreidimensionalit\u00e4t, Glas und Glanzfl\u00e4chen geh\u00f6rten zu Horns St\u00e4rken, wie die von ihm gestaltete Werbeanzeige f\u00fcr den Opel Kapit\u00e4n verdeutlicht. Auch das Spiel mit Hell und Dunkel sowie feine Strichzeichnungen zur Akzentuierung beherrschte er aus Effeff.<br>\n          <br>Noch 1980 hat Horn perfekt gezeichnet \u2013 obwohl er zu diesem Zeitpunkt schon erkrankt gewesen sein musste. Nur wenige Monate sp\u00e4ter finden sich erste Anzeichen in seinen Bildern wieder: Mit Einsetzen der Depression, typischerweise ein Fr\u00fchsymptom der Demenz, verschwand alle Farbe aus seinen Bildern. Nach der Diagnose \u201eAlzheimer\u201c kamen sie zwar zur\u00fcck - vor allem Rot-, Orange- und Gelbt\u00f6ne, wie sie auch Kinder lieben \u2013 daf\u00fcr stimmten Perspektive, Raumempfinden und Proportionen immer weniger. Gesichter und Formen wurden flacher, holzschnittartiger.<br>\n          <br>Was fast bis zuletzt blieb: Die roten Fensterrahmen der hessischen Backsteinh\u00e4user, in denen der K\u00fcnstler aufgewachsen war. \u201eDemenz zerst\u00f6rt das Ged\u00e4chtnis von hinten nach vorne. Die Patienten kommen irgendwann wieder in ihrer Kindheit an\u201c, so Eberling. Diese Zeitreise vollzieht sich auch in Horns Werken. Gemalt hat er noch bis wenige Tage vor seinem Tod im Jahre 1992. \u201eDass dies m\u00f6glich war, hatte er vor allem seiner Frau zu verdanken\u201c, erkl\u00e4rte Kurator Eberling. Sie motivierte ihn immer wieder und zeichnete am Schluss sogar Formen vor, die er nur noch ausmalen musste. Damit tat Tilde Horn das genau Richtige. Statt ihren Mann aufzugeben, f\u00f6rderte sie ihn. \u201eW\u00e4hrend seiner Krankheit hat ihm seine Kunst das traurige Dahinvegetieren erspart und mir die Pflege ungemein erleichtert\u201c, bilanzierte sie sp\u00e4ter.<br>\n          <br>\u201eDenken Sie sich in die Traumwelt des Demenzpatienten hinein, gehen Sie mit\u201c, empfahl Eberling Angeh\u00f6rigen und Pflegenden. Es ist kontraproduktiv, die Fehler zu suchen: \u201eFreuen Sie sich lieber \u00fcber alles, was noch klappt. Da geht noch unendlich viel.\u201c Horn beispielsweise hat seine G\u00e4ste mit hei\u00dfem Wasser bewirtet und dazu einen halben Kohlkopf serviert. Im Grunde alles richtig, bis auf den vergessenen Teebeutel und den einen falschen Griff im K\u00fchlschrank.<br>\n          <br>\u201eSie haben ein wenig den Schock genommen\u201c, bedankte sich Landrat S\u00f6ren Meng im Anschluss, \u201eund Mut gemacht, anders, offener mit der Krankheit umzugehen.\u201c\n        <\/p>\n        <p class=\"u-align-center u-hidden-md u-hidden-sm u-hidden-xs u-small-text u-text u-text-variant u-text-9\">Bild: Marienhausklinik Ottweiler<\/p>\n        <img decoding=\"async\" class=\"u-border-2 u-border-custom-color-118 u-hidden-md u-hidden-sm u-hidden-xs u-image u-image-contain u-image-round u-radius u-image-8\" src=\"https:\/\/www.netzwerkdemenz-landkreisneunkirchen.de\/wp-content\/uploads\/2025\/02\/csm_P2169257_a-web_894efb8d21-1.webp\" alt=\"\" data-image-width=\"1274\" data-image-height=\"850\">\n        <p class=\"u-align-center u-hidden-md u-hidden-sm u-hidden-xs u-small-text u-text u-text-variant u-text-10\">Bild: Marienhausklinik Ottweiler<\/p>\n        <img decoding=\"async\" class=\"u-border-2 u-border-custom-color-118 u-hidden-md u-hidden-sm u-hidden-xs u-image u-image-contain u-image-round u-radius u-image-9\" src=\"https:\/\/www.netzwerkdemenz-landkreisneunkirchen.de\/wp-content\/uploads\/2025\/02\/csm_Alzheimer_und_Kunst_c9364ec3d2-1.webp\" alt=\"\" data-image-width=\"1278\" data-image-height=\"850\">\n        <p class=\"u-align-center u-hidden-md u-hidden-sm u-hidden-xs u-small-text u-text u-text-variant u-text-11\">J\u00f6rg Eberling (links) im Gespr\u00e4ch mit Beate Leonhard-Kaul, S\u00f6ren Meng und&nbsp;<br>Thomas Hans. <br>Foto: Anja Kernig\n        <\/p>\n        <img decoding=\"async\" class=\"u-border-2 u-border-custom-color-118 u-hidden-md u-hidden-sm u-hidden-xs u-image u-image-contain u-image-round u-radius u-image-10\" src=\"https:\/\/www.netzwerkdemenz-landkreisneunkirchen.de\/wp-content\/uploads\/2025\/02\/csm_P2169249_a_web_19aac99292-1.webp\" alt=\"\" data-image-width=\"1276\" data-image-height=\"850\">\n        <p class=\"u-align-center u-hidden-md u-hidden-sm u-hidden-xs u-small-text u-text u-text-variant u-text-12\">Bild: Marienhausklinik Ottweiler<\/p>\n        <img decoding=\"async\" class=\"u-border-2 u-border-custom-color-118 u-hidden-md u-hidden-sm u-hidden-xs u-image u-image-contain u-image-round u-radius u-image-11\" src=\"https:\/\/www.netzwerkdemenz-landkreisneunkirchen.de\/wp-content\/uploads\/2025\/02\/csm_P2169247_a_web_7b2bbae84a-1.webp\" alt=\"\" data-image-width=\"1276\" data-image-height=\"850\">\n        <p class=\"u-align-center u-hidden-md u-hidden-sm u-hidden-xs u-small-text u-text u-text-variant u-text-13\">Bild: Marienhausklinik Ottweiler<\/p>\n        <img decoding=\"async\" class=\"u-border-2 u-border-custom-color-118 u-hidden-md u-hidden-sm u-hidden-xs u-image u-image-contain u-image-round u-radius u-image-12\" src=\"https:\/\/www.netzwerkdemenz-landkreisneunkirchen.de\/wp-content\/uploads\/2025\/02\/csm_P2169246_a_web_8e34df31b0-1.webp\" alt=\"\" data-image-width=\"1276\" data-image-height=\"850\">\n        <p class=\"u-align-center u-hidden-md u-hidden-sm u-hidden-xs u-small-text u-text u-text-variant u-text-14\">Bild: Marienhausklinik Ottweiler<\/p>\n        <a href=\"https:\/\/www.netzwerkdemenz-landkreisneunkirchen.de\/?page_id=78\" class=\"u-border-none u-btn u-btn-round u-button-style u-custom-color-105 u-radius u-btn-1\">Z<span style=\"font-weight: 700;\"><\/span>ur\u00fcck\n        <\/a>\n      <\/div>\n    <\/section>\n    <section class=\"u-align-left u-clearfix u-lightbox u-white u-section-11\" id=\"31Jan2020\">\n      <div class=\"u-clearfix u-sheet u-valign-middle-lg u-valign-middle-sm u-valign-middle-xs u-sheet-1\">\n        <h2 class=\"u-align-left u-text u-text-1\"> 31. Jan 2020<br> Schulung Demenzpaten\n        <\/h2>\n        <div data-interval=\"5000\" data-u-ride=\"carousel\" class=\"custom-expanded u-carousel u-slider u-slider-1\" id=\"carousel-0dd5\">\n          <ol class=\"u-absolute-hcenter u-carousel-indicators u-carousel-indicators-1\">\n            <li data-u-target=\"#carousel-0dd5\" class=\"u-active u-active-grey-10 u-grey-30 u-shape-circle\" data-u-slide-to=\"0\" style=\"width: 10px; height: 10px;\"><\/li>\n            <li data-u-target=\"#carousel-0dd5\" class=\"u-active-grey-10 u-grey-30 u-shape-circle\" data-u-slide-to=\"1\" style=\"width: 10px; height: 10px;\"><\/li>\n            <li data-u-target=\"#carousel-0dd5\" class=\"u-active-grey-10 u-grey-30 u-shape-circle\" data-u-slide-to=\"2\" style=\"width: 10px; height: 10px;\"><\/li>\n            <li data-u-target=\"#carousel-0dd5\" class=\"u-active-grey-10 u-grey-30 u-shape-circle\" data-u-slide-to=\"3\" style=\"width: 10px; height: 10px;\"><\/li>\n            <li data-u-target=\"#carousel-0dd5\" class=\"u-active-grey-10 u-grey-30 u-shape-circle\" data-u-slide-to=\"4\" style=\"width: 10px; height: 10px;\"><\/li>\n            <li data-u-target=\"#carousel-0dd5\" class=\"u-active-grey-10 u-grey-30 u-shape-circle\" data-u-slide-to=\"5\" style=\"width: 10px; height: 10px;\"><\/li>\n            <li data-u-target=\"#carousel-0dd5\" class=\"u-active-grey-10 u-grey-30 u-shape-circle\" data-u-slide-to=\"6\" style=\"width: 10px; height: 10px;\"><\/li>\n            <li data-u-target=\"#carousel-0dd5\" class=\"u-active-grey-10 u-grey-30 u-shape-circle\" data-u-slide-to=\"7\" style=\"width: 10px; height: 10px;\"><\/li>\n          <\/ol>\n          <div class=\"u-carousel-inner\" role=\"listbox\">\n            <div class=\"u-active u-carousel-item u-container-style u-image u-slide u-image-1\" data-image-width=\"1133\" data-image-height=\"850\" style=\"background-image: url(&quot;https:\/\/www.netzwerkdemenz-landkreisneunkirchen.de\/wp-content\/uploads\/2025\/03\/image7.webp&quot;);\">\n              <div class=\"u-container-layout u-valign-bottom u-container-layout-1\"><\/div>\n            <\/div>\n            <div class=\"u-carousel-item u-container-style u-image u-slide u-image-2\" data-image-width=\"1133\" data-image-height=\"850\" style=\"background-image: url(&quot;https:\/\/www.netzwerkdemenz-landkreisneunkirchen.de\/wp-content\/uploads\/2025\/03\/image5.webp&quot;);\">\n              <div class=\"u-container-layout u-valign-top u-container-layout-2\"><\/div>\n            <\/div>\n            <div class=\"u-carousel-item u-container-style u-slide u-carousel-item-3\">\n              <div class=\"u-container-layout u-container-layout-3\">\n                <img decoding=\"async\" class=\"custom-expanded u-image u-image-default u-image-3\" src=\"https:\/\/www.netzwerkdemenz-landkreisneunkirchen.de\/wp-content\/uploads\/2025\/03\/screenshot.webp\" alt=\"\" data-image-width=\"359\" data-image-height=\"514\">\n              <\/div>\n            <\/div>\n            <div class=\"u-carousel-item u-container-style u-image u-slide u-image-4\" data-image-width=\"1133\" data-image-height=\"850\" style=\"background-image: url(&quot;https:\/\/www.netzwerkdemenz-landkreisneunkirchen.de\/wp-content\/uploads\/2025\/03\/image1.webp&quot;);\">\n              <div class=\"u-container-layout u-valign-top u-container-layout-4\"><\/div>\n            <\/div>\n            <div class=\"u-carousel-item u-container-style u-image u-slide u-image-5\" data-image-width=\"1133\" data-image-height=\"850\" style=\"background-image: url(&quot;https:\/\/www.netzwerkdemenz-landkreisneunkirchen.de\/wp-content\/uploads\/2025\/03\/image6.webp&quot;);\">\n              <div class=\"u-container-layout u-container-layout-5\"><\/div>\n            <\/div>\n            <div class=\"u-carousel-item u-container-style u-image u-slide u-image-6\" data-image-width=\"1133\" data-image-height=\"850\" style=\"background-image: url(&quot;https:\/\/www.netzwerkdemenz-landkreisneunkirchen.de\/wp-content\/uploads\/2025\/03\/image4.webp&quot;);\">\n              <div class=\"u-container-layout u-container-layout-6\"><\/div>\n            <\/div>\n            <div class=\"u-carousel-item u-container-style u-image u-slide u-image-7\" data-image-width=\"1132\" data-image-height=\"850\" style=\"background-image: url(&quot;https:\/\/www.netzwerkdemenz-landkreisneunkirchen.de\/wp-content\/uploads\/2025\/03\/csm_image8_3316ee3f47.webp&quot;);\">\n              <div class=\"u-container-layout u-container-layout-7\"><\/div>\n            <\/div>\n            <div class=\"u-carousel-item u-container-align-center u-container-style u-image u-slide u-image-8\" data-image-width=\"1133\" data-image-height=\"850\" style=\"background-image: url(&quot;https:\/\/www.netzwerkdemenz-landkreisneunkirchen.de\/wp-content\/uploads\/2025\/03\/image3.webp&quot;);\">\n              <div class=\"u-container-layout u-container-layout-8\"><\/div>\n            <\/div>\n          <\/div>\n          <a class=\"u-absolute-vcenter u-carousel-control u-carousel-control-prev u-spacing-5 u-text-grey-30 u-carousel-control-1\" href=\"#carousel-0dd5\" role=\"button\" data-u-slide=\"prev\">\n            <span aria-hidden=\"true\">\n              <svg viewBox=\"0 0 477.175 477.175\"><path d=\"M145.188,238.575l215.5-215.5c5.3-5.3,5.3-13.8,0-19.1s-13.8-5.3-19.1,0l-225.1,225.1c-5.3,5.3-5.3,13.8,0,19.1l225.1,225\n                    c2.6,2.6,6.1,4,9.5,4s6.9-1.3,9.5-4c5.3-5.3,5.3-13.8,0-19.1L145.188,238.575z\"><\/path><\/svg>\n            <\/span>\n            <span class=\"sr-only\">Previous<\/span>\n          <\/a>\n          <a class=\"u-absolute-vcenter u-carousel-control u-carousel-control-next u-spacing-5 u-text-grey-30 u-carousel-control-2\" href=\"#carousel-0dd5\" role=\"button\" data-u-slide=\"next\">\n            <span aria-hidden=\"true\">\n              <svg viewBox=\"0 0 477.175 477.175\"><path d=\"M360.731,229.075l-225.1-225.1c-5.3-5.3-13.8-5.3-19.1,0s-5.3,13.8,0,19.1l215.5,215.5l-215.5,215.5\n                    c-5.3,5.3-5.3,13.8,0,19.1c2.6,2.6,6.1,4,9.5,4c3.4,0,6.9-1.3,9.5-4l225.1-225.1C365.931,242.875,365.931,234.275,360.731,229.075z\"><\/path><\/svg>\n            <\/span>\n            <span class=\"sr-only\">Next<\/span>\n          <\/a>\n        <\/div>\n        <p class=\"u-align-left u-text u-text-custom-color-105 u-text-2\">\n          <span style=\"font-weight: 700;\">20 Mitarbeiter geschult<\/span>\n          <br> Am 31.01.2020 wurden 20 Mitarbeiter des Demenznetzwerkes Neunkirchen&nbsp;zu Demenzpaten geschult.<br>Die Fortbildung fand in Kooperation mit der Landesfachstelle Demenz statt.<br>Der Landkreis Neunkirchen stellte seine R\u00e4umlichkeiten in der Saarbr\u00fccker Stra\u00dfe in Neunkirchen zur Verf\u00fcgung.\n        <\/p>\n        <a href=\"https:\/\/www.netzwerkdemenz-landkreisneunkirchen.de\/?page_id=78\" class=\"u-border-none u-btn u-btn-round u-button-style u-custom-color-105 u-radius u-btn-1\">Z<span style=\"font-weight: 700;\"><\/span>ur\u00fcck\n        <\/a>\n      <\/div>\n    <\/section>\n    <section class=\"u-align-left u-clearfix u-custom-color-203 u-lightbox u-section-12\" id=\"22Jan2020\">\n      <div class=\"u-clearfix u-sheet u-valign-middle-sm u-valign-middle-xs u-sheet-1\">\n        <h2 class=\"u-align-left u-text u-text-1\"> 22. Jan 2020<br> Ausstellung Alzheimer und Kunst\n        <\/h2>\n        <img decoding=\"async\" class=\"u-image u-image-contain u-image-default u-image-1\" src=\"https:\/\/www.netzwerkdemenz-landkreisneunkirchen.de\/wp-content\/uploads\/2025\/03\/csm_Alzheimer_und_Kunst_ce2a39fe80.webp\" alt=\"\" data-image-width=\"542\" data-image-height=\"767\">\n        <img decoding=\"async\" class=\"u-file-link u-image u-image-contain u-image-default u-image-2\" src=\"https:\/\/www.netzwerkdemenz-landkreisneunkirchen.de\/wp-content\/uploads\/2025\/03\/csm_Alzheimer_und_Kunst_-Broschuere_10.02.2020_004da72b1d.webp\" alt=\"\" data-image-width=\"595\" data-image-height=\"842\" data-href=\"https:\/\/www.netzwerkdemenz-landkreisneunkirchen.de\/fileadmin\/user_upload\/demenz_nk\/Veranstaltungen\/Alzheimer_und_Kunst_-Broschuere_10.02.2020.pdf\">\n        <p class=\"u-align-left u-text u-text-2\">\n          <span style=\"font-weight: 700;\"><\/span>\n          <span style=\"font-weight: 700;\">Bilderausstellung in der Marienhausklinik Ottweiler<\/span>\n          <br> Dem NetzwerkDemenz im Landkreis ist es gelungen, nach 2004 erneut die von dem Pharmakonzern Novartis zusammengestellte Ausstellung \"Alzheimer und Kunst-Werke des K\u00fcnstlers Carolus Horn\" in unserem Landkreis pr\u00e4sentieren zu k\u00f6nnen.<br>\n          <br>Die Ausstellung wird in der Zeit vom 17.02. - 31.03.2020 in der Marienhausklinik Ottweiler, Hohlstra\u00dfe 2-4 zu sehen sein.\n        <\/p>\n        <p class=\"u-align-center u-small-text u-text u-text-variant u-text-3\" data-animation-name=\"\" data-animation-duration=\"0\" data-animation-delay=\"0\" data-animation-direction=\"\"> Brosch\u00fcre zum Herunterladen&nbsp;<\/p>\n        <a href=\"https:\/\/www.netzwerkdemenz-landkreisneunkirchen.de\/?page_id=78\" class=\"u-border-none u-btn u-btn-round u-button-style u-custom-color-105 u-radius u-btn-1\">Z<span style=\"font-weight: 700;\"><\/span>ur\u00fcck\n        <\/a>\n      <\/div>\n    <\/section>\n    <section class=\"u-align-left u-clearfix u-lightbox u-white u-section-13\" id=\"20Jan2020\">\n      <div class=\"u-clearfix u-sheet u-sheet-1\">\n        <img decoding=\"async\" class=\"u-file-link u-image u-image-contain u-image-default u-image-1\" src=\"https:\/\/www.netzwerkdemenz-landkreisneunkirchen.de\/wp-content\/uploads\/2025\/03\/KISS.webp\" alt=\"\" data-image-width=\"495\" data-image-height=\"487\" data-href=\"https:\/\/www.netzwerkdemenz-landkreisneunkirchen.de\/fileadmin\/user_upload\/demenz_nk\/Veranstaltungen\/Alzheimer_und_Kunst_-Broschuere_10.02.2020.pdf\">\n        <h2 class=\"u-align-left u-text u-text-1\"> 20. Jan 2020<br> Neue unterst\u00fctzte Selbsthilfegruppe f\u00fcr Menschen mit beginnender Demenz\n        <\/h2>\n        <p class=\"u-align-left u-text u-text-2\">\n          <span style=\"font-weight: 700;\"><\/span>\n          <span style=\"font-weight: 700;\">Ab 2020 neue Selbsthilfegruppe Demenz!<br>jeweils am 3. Montag im Monat\n          <\/span>\n          <br>\n          <br>Eine Diagnose, die unweigerlich viele Fragen aufwirft, aber auch Unsicherheit und Angst ausl\u00f6sen kann.<br>Wie kann ein Leben mit Demenz aussehen und welche individuellen Perspektiven gibt es?<br>Die KISS - Kontakt und lnformationsstelle f\u00fcr Selbsthilfe im Saarland und die Landesfachstelle Demenz m\u00f6chten mit dieser lnitiative Menschen ansprechen, die am Anfang lhrer Erkrankung stehen.<br>Unterst\u00fctzt wird die Gruppe durch eine nicht betroffene Person, die bei den Treffen anwesend ist und die Gruppenmitglieder in organisatorischen Belangen und in der Moderation entlastet.Gruppentreffen: 3. Montag im Monat<br>18:00 Uhr<br>\n          <br>KISS<br>Futterstra\u00dfe 27<br>66111 Saarbr\u00fccken<br>\n          <br>N\u00e4here lnformationen bei KISS:<br>Beate Ufer, Tel. 0681 9602130<br>Elisabeth Rentmeister, Tel. 0176 45 83 91 20\n        <\/p>\n        <a href=\"https:\/\/www.netzwerkdemenz-landkreisneunkirchen.de\/?page_id=78\" class=\"u-border-none u-btn u-btn-round u-button-style u-custom-color-105 u-radius u-btn-1\">Z<span style=\"font-weight: 700;\"><\/span>ur\u00fcck\n        <\/a>\n      <\/div>\n    <\/section>\n    \n    \n    \n    \n  \n","protected":false},"excerpt":{"rendered":"<p>Unsere Nachrichten aus dem Jahr 2020 24. September 2020 Die Landesfachstelle Demenz Saarland stellt sich vor Presseinformation\u201eDas Saarland verf\u00fcgt \u00fcber eine ausgezeichnete Infrastruktur im Bereich der Versorgung von Menschen mit &hellip; <a href=\"https:\/\/www.netzwerkdemenz-landkreisneunkirchen.de\/?page_id=807\" class=\"more-link\">Continue reading<span class=\"screen-reader-text\"> &#8222;2020 Meldungen&#8220;<\/span><\/a><\/p>\n","protected":false},"author":1,"featured_media":0,"parent":0,"menu_order":5,"comment_status":"closed","ping_status":"closed","template":"","meta":{"footnotes":""},"class_list":["post-807","page","type-page","status-publish","hentry"],"_links":{"self":[{"href":"https:\/\/www.netzwerkdemenz-landkreisneunkirchen.de\/index.php?rest_route=\/wp\/v2\/pages\/807","targetHints":{"allow":["GET"]}}],"collection":[{"href":"https:\/\/www.netzwerkdemenz-landkreisneunkirchen.de\/index.php?rest_route=\/wp\/v2\/pages"}],"about":[{"href":"https:\/\/www.netzwerkdemenz-landkreisneunkirchen.de\/index.php?rest_route=\/wp\/v2\/types\/page"}],"author":[{"embeddable":true,"href":"https:\/\/www.netzwerkdemenz-landkreisneunkirchen.de\/index.php?rest_route=\/wp\/v2\/users\/1"}],"replies":[{"embeddable":true,"href":"https:\/\/www.netzwerkdemenz-landkreisneunkirchen.de\/index.php?rest_route=%2Fwp%2Fv2%2Fcomments&post=807"}],"version-history":[{"count":19,"href":"https:\/\/www.netzwerkdemenz-landkreisneunkirchen.de\/index.php?rest_route=\/wp\/v2\/pages\/807\/revisions"}],"predecessor-version":[{"id":2270,"href":"https:\/\/www.netzwerkdemenz-landkreisneunkirchen.de\/index.php?rest_route=\/wp\/v2\/pages\/807\/revisions\/2270"}],"wp:attachment":[{"href":"https:\/\/www.netzwerkdemenz-landkreisneunkirchen.de\/index.php?rest_route=%2Fwp%2Fv2%2Fmedia&parent=807"}],"curies":[{"name":"wp","href":"https:\/\/api.w.org\/{rel}","templated":true}]}}