{"id":978,"date":"2025-03-11T10:44:58","date_gmt":"2025-03-11T10:44:58","guid":{"rendered":"https:\/\/www.netzwerkdemenz-landkreisneunkirchen.de\/?page_id=978"},"modified":"2025-05-26T07:54:24","modified_gmt":"2025-05-26T07:54:24","slug":"2019-meldungen","status":"publish","type":"page","link":"https:\/\/www.netzwerkdemenz-landkreisneunkirchen.de\/?page_id=978","title":{"rendered":"2019 Meldungen"},"content":{"rendered":"\n    \n    <section class=\"u-clearfix u-custom-color-121 u-section-2\" id=\"sec-b72c\">\n      <div class=\"u-clearfix u-sheet u-sheet-1\">\n        <h2 class=\"u-align-left u-text u-text-1\"> Unsere Nachrichten aus dem Jahr 2019<\/h2>\n      <\/div>\n    <\/section>\n    <section class=\"u-align-left u-clearfix u-container-align-left u-container-align-left-xl u-section-3\" id=\"2020Landesfachstelle\">\n      <div class=\"u-clearfix u-sheet u-sheet-1\">\n        <h2 class=\"u-align-left u-text u-text-1\"> 13. Nov 2019 <br>Basisqualifikation 2020 f\u00fcr ehrenamtliche Demenzhelfer\n        <\/h2>\n        <img decoding=\"async\" class=\"u-align-right u-border-2 u-border-custom-color-118 u-image u-image-round u-radius u-image-1\" src=\"https:\/\/www.netzwerkdemenz-landkreisneunkirchen.de\/wp-content\/uploads\/2025\/03\/csm_LKNK_Caritas_759e5dcb25.webp\" alt=\"\" data-image-width=\"767\" data-image-height=\"767\">\n        <p class=\"u-align-left u-text u-text-2\">\n          <span style=\"font-weight: 700;\"> Alle Ausbildungsdetails sind <a href=\"https:\/\/www.netzwerkdemenz-landkreisneunkirchen.de\/aktuell\/veranstaltungen\/detail\/basisqualifikation-2020-fuer-ehrenamtliche-demenzhelfer-im-landkreis-neunkirchen\/\" class=\"u-active-none u-border-none u-btn u-button-link u-button-style u-hover-none u-none u-text-hover-palette-4-base u-btn-1\">online<\/a>. Jetzt anmelden!!!&nbsp;(Anmeldeschluss 04.03.2020)\n          <\/span>\n          <br>Basisqualifikation 2020 des Landkreises Neunkirchen f\u00fcr Mitarbeiter ehrenamtlicher Betreuungsangebote zur Unterst\u00fctzung im Alltag von Menschen mit Demenzerkrankungen in Zusammenarbeit mit dem Caritasverband Schaumberg-Blies\n        <\/p>\n        <a href=\"https:\/\/www.netzwerkdemenz-landkreisneunkirchen.de\/?page_id=78\" class=\"u-border-none u-btn u-btn-round u-button-style u-custom-color-105 u-radius u-btn-2\">Z<span style=\"font-weight: 700;\"><\/span>ur\u00fcck\n        <\/a>\n      <\/div>\n    <\/section>\n    <section class=\"u-align-left u-clearfix u-container-align-left u-custom-color-115 u-lightbox u-section-4\" id=\"2020Welttag\">\n      <div class=\"u-clearfix u-sheet u-valign-middle u-sheet-1\">\n        <h2 class=\"u-align-left u-text u-text-1\"> 24. Sep 2019<br> Demenzverein im Landkreis Neunkirchen erh\u00e4lt Ehrung\n        <\/h2>\n        <p class=\"u-align-left u-text u-text-body-color u-text-2\" data-animation-name=\"\" data-animation-duration=\"0\" data-animation-delay=\"0\" data-animation-direction=\"\"> Ministerin Monika Bachmann ehrt Netzwerker, anl\u00e4\u00dflich der Veranstaltung \u201eDemenz geht uns alle an\u201c, am 24.09.2019 in Saarlouis, bedankte sich Frau Ministerin Bachmann f\u00fcr das Engagement&nbsp; im Rahmen der bundesweiten Initiative \u201eLokale Allianzen f\u00fcr Mensch mit Demenz auch beim Demenzverein im Landkreis Neunkirchen, der seit 2013 regionale Netzwerkarbeit leistet und eine spezialisierte Demenzberatungsstelle unterh\u00e4lt. Volker Schwarz, der f\u00fcr den Verein die von Frau Bachmann \u00fcberreichte Erinnerungsplakette entgegen nehmen durfte, bedankte sich bei dieser Gelegenheit namentlich bei der stellvertretenden Abteilungsleiterin im MSGFF, Frau Stabel-Franz, sowie bei Herrn Andreas Sauder von der Landesfachstelle Demenz f\u00fcr die die konstruktive Zusammenarbeit und Unterst\u00fctzung. Er konnte ferner berichten, dass es dem Demenzverein gelungen ist, die jahrelange Netzwerkarbeit nunmehr auch langfristig und professionell mit finanzieller Unterst\u00fctzung durch die Pflegekassen und den Landkreis Neunkirchen als regionales Demenznetzwerk im Landkreis Neunkirchen fortzuf\u00fchren.<\/p>\n        <a href=\"https:\/\/www.netzwerkdemenz-landkreisneunkirchen.de\/?page_id=78\" class=\"u-border-none u-btn u-btn-round u-button-style u-custom-color-105 u-radius u-btn-1\">Z<span style=\"font-weight: 700;\"><\/span>ur\u00fcck\n        <\/a>\n      <\/div>\n    <\/section>\n    <section class=\"u-align-left u-clearfix u-container-align-left u-container-align-left-xl u-section-5\" id=\"2020Erfahrungsaustausch\">\n      <div class=\"u-clearfix u-sheet u-valign-middle-lg u-valign-middle-xl u-sheet-1\">\n        <h2 class=\"u-align-left u-text u-text-1\"> 20. Sep 2019<br> Demenz Kompakt\n        <\/h2>\n        <div data-interval=\"5000\" data-u-ride=\"carousel\" class=\"u-carousel u-slider u-slider-1\" id=\"carousel-fbf2\">\n          <ol class=\"u-absolute-hcenter u-carousel-indicators u-carousel-indicators-1\">\n            <li data-u-target=\"#carousel-fbf2\" class=\"u-active u-active-grey-10 u-grey-30 u-shape-circle\" data-u-slide-to=\"0\" style=\"width: 10px; height: 10px;\"><\/li>\n            <li data-u-target=\"#carousel-fbf2\" class=\"u-active-grey-10 u-grey-30 u-shape-circle\" data-u-slide-to=\"1\" style=\"width: 10px; height: 10px;\"><\/li>\n            <li data-u-target=\"#carousel-fbf2\" class=\"u-active-grey-10 u-grey-30 u-shape-circle\" data-u-slide-to=\"2\" style=\"width: 10px; height: 10px;\"><\/li>\n            <li data-u-target=\"#carousel-fbf2\" class=\"u-active-grey-10 u-grey-30 u-shape-circle\" data-u-slide-to=\"3\" style=\"width: 10px; height: 10px;\"><\/li>\n            <li data-u-target=\"#carousel-fbf2\" class=\"u-active-grey-10 u-grey-30 u-shape-circle\" data-u-slide-to=\"4\" style=\"width: 10px; height: 10px;\"><\/li>\n            <li data-u-target=\"#carousel-fbf2\" class=\"u-active-grey-10 u-grey-30 u-shape-circle\" data-u-slide-to=\"5\" style=\"width: 10px; height: 10px;\"><\/li>\n            <li data-u-target=\"#carousel-fbf2\" class=\"u-active-grey-10 u-grey-30 u-shape-circle\" data-u-slide-to=\"6\" style=\"width: 10px; height: 10px;\"><\/li>\n            <li data-u-target=\"#carousel-fbf2\" class=\"u-active-grey-10 u-grey-30 u-shape-circle\" data-u-slide-to=\"7\" style=\"width: 10px; height: 10px;\"><\/li>\n            <li data-u-target=\"#carousel-fbf2\" class=\"u-active-grey-10 u-grey-30 u-shape-circle\" data-u-slide-to=\"8\" style=\"width: 10px; height: 10px;\"><\/li>\n            <li data-u-target=\"#carousel-fbf2\" class=\"u-active-grey-10 u-grey-30 u-shape-circle\" data-u-slide-to=\"9\" style=\"width: 10px; height: 10px;\"><\/li>\n            <li data-u-target=\"#carousel-fbf2\" class=\"u-active-grey-10 u-grey-30 u-shape-circle\" data-u-slide-to=\"10\" style=\"width: 10px; height: 10px;\"><\/li>\n            <li data-u-target=\"#carousel-fbf2\" class=\"u-active-grey-10 u-grey-30 u-shape-circle\" data-u-slide-to=\"11\" style=\"width: 10px; height: 10px;\"><\/li>\n            <li data-u-target=\"#carousel-fbf2\" class=\"u-active-grey-10 u-grey-30 u-shape-circle\" data-u-slide-to=\"12\" style=\"width: 10px; height: 10px;\"><\/li>\n            <li data-u-target=\"#carousel-fbf2\" class=\"u-active-grey-10 u-grey-30 u-shape-circle\" data-u-slide-to=\"13\" style=\"width: 10px; height: 10px;\"><\/li>\n            <li data-u-target=\"#carousel-fbf2\" class=\"u-active-grey-10 u-grey-30 u-shape-circle\" data-u-slide-to=\"14\" style=\"width: 10px; height: 10px;\"><\/li>\n            <li data-u-target=\"#carousel-fbf2\" class=\"u-active-grey-10 u-grey-30 u-shape-circle\" data-u-slide-to=\"15\" style=\"width: 10px; height: 10px;\"><\/li>\n            <li data-u-target=\"#carousel-fbf2\" class=\"u-active-grey-10 u-grey-30 u-shape-circle\" data-u-slide-to=\"16\" style=\"width: 10px; height: 10px;\"><\/li>\n            <li data-u-target=\"#carousel-fbf2\" class=\"u-active-grey-10 u-grey-30 u-shape-circle\" data-u-slide-to=\"17\" style=\"width: 10px; height: 10px;\"><\/li>\n            <li data-u-target=\"#carousel-fbf2\" class=\"u-active-grey-10 u-grey-30 u-shape-circle\" data-u-slide-to=\"18\" style=\"width: 10px; height: 10px;\"><\/li>\n            <li data-u-target=\"#carousel-fbf2\" class=\"u-active-grey-10 u-grey-30 u-shape-circle\" data-u-slide-to=\"19\" style=\"width: 10px; height: 10px;\"><\/li>\n            <li data-u-target=\"#carousel-fbf2\" class=\"u-active-grey-10 u-grey-30 u-shape-circle\" data-u-slide-to=\"20\" style=\"width: 10px; height: 10px;\"><\/li>\n          <\/ol>\n          <div class=\"u-carousel-inner\" role=\"listbox\">\n            <div class=\"u-active u-carousel-item u-container-align-center u-container-style u-slide\">\n              <div class=\"u-container-layout u-container-layout-1\">\n                <img decoding=\"async\" class=\"u-absolute-hcenter u-expanded-height u-image u-image-1\" src=\"https:\/\/www.netzwerkdemenz-landkreisneunkirchen.de\/wp-content\/uploads\/2025\/03\/Senioreninfotag_2019.webp\" data-image-width=\"200\" data-image-height=\"282\">\n              <\/div>\n            <\/div>\n            <div class=\"u-carousel-item u-container-style u-image u-slide u-image-2\" data-image-width=\"1133\" data-image-height=\"850\" style=\"background-image: url(&quot;https:\/\/www.netzwerkdemenz-landkreisneunkirchen.de\/wp-content\/uploads\/2025\/03\/csm_IMG_9880_4aedc1132a.webp&quot;);\">\n              <div class=\"u-container-layout u-container-layout-2\"><\/div>\n            <\/div>\n            <div class=\"u-carousel-item u-container-style u-image u-slide u-image-3\" data-image-width=\"1133\" data-image-height=\"850\" style=\"background-image: url(&quot;https:\/\/www.netzwerkdemenz-landkreisneunkirchen.de\/wp-content\/uploads\/2025\/03\/csm_IMG_9878_2ea116e68f.webp&quot;);\">\n              <div class=\"u-container-layout u-container-layout-3\"><\/div>\n            <\/div>\n            <div class=\"u-carousel-item u-container-style u-image u-slide u-image-4\" data-image-width=\"1133\" data-image-height=\"850\" style=\"background-image: url(&quot;https:\/\/www.netzwerkdemenz-landkreisneunkirchen.de\/wp-content\/uploads\/2025\/03\/csm_IMG_9871_1ae90d828a.webp&quot;);\">\n              <div class=\"u-container-layout u-container-layout-4\"><\/div>\n            <\/div>\n            <div class=\"u-carousel-item u-container-style u-image u-slide u-image-5\" data-image-width=\"1133\" data-image-height=\"850\" style=\"background-image: url(&quot;https:\/\/www.netzwerkdemenz-landkreisneunkirchen.de\/wp-content\/uploads\/2025\/03\/csm_IMG_9875_2d9b790ee9.webp&quot;);\">\n              <div class=\"u-container-layout u-container-layout-5\"><\/div>\n            <\/div>\n            <div class=\"u-carousel-item u-container-style u-image u-slide u-image-6\" data-image-width=\"1133\" data-image-height=\"850\" style=\"background-image: url(&quot;https:\/\/www.netzwerkdemenz-landkreisneunkirchen.de\/wp-content\/uploads\/2025\/03\/csm_IMG_9866_3049e4915f.webp&quot;);\">\n              <div class=\"u-container-layout u-container-layout-6\"><\/div>\n            <\/div>\n            <div class=\"u-carousel-item u-container-style u-image u-slide u-image-7\" data-image-width=\"1133\" data-image-height=\"850\" style=\"background-image: url(&quot;https:\/\/www.netzwerkdemenz-landkreisneunkirchen.de\/wp-content\/uploads\/2025\/03\/csm_IMG_9867_0eb47d91e6.webp&quot;);\">\n              <div class=\"u-container-layout u-container-layout-7\"><\/div>\n            <\/div>\n            <div class=\"u-carousel-item u-container-align-center u-container-style u-image u-slide u-image-8\" data-image-width=\"1133\" data-image-height=\"850\" style=\"background-image: url(&quot;https:\/\/www.netzwerkdemenz-landkreisneunkirchen.de\/wp-content\/uploads\/2025\/03\/csm_IMG_9865_42f60f7fe1.webp&quot;);\">\n              <div class=\"u-container-layout u-container-layout-8\"><\/div>\n            <\/div>\n            <div class=\"u-carousel-item u-container-style u-image u-slide u-image-9\" data-image-width=\"1133\" data-image-height=\"850\" style=\"background-image: url(&quot;https:\/\/www.netzwerkdemenz-landkreisneunkirchen.de\/wp-content\/uploads\/2025\/03\/csm_IMG_9859_2_4e9caddf44.webp&quot;);\">\n              <div class=\"u-container-layout u-container-layout-9\"><\/div>\n            <\/div>\n            <div class=\"u-carousel-item u-container-style u-image u-slide u-image-10\" data-image-width=\"1133\" data-image-height=\"850\" style=\"background-image: url(&quot;https:\/\/www.netzwerkdemenz-landkreisneunkirchen.de\/wp-content\/uploads\/2025\/03\/csm_IMG_9846_fd45ff44fd.webp&quot;);\">\n              <div class=\"u-container-layout u-container-layout-10\"><\/div>\n            <\/div>\n            <div class=\"u-carousel-item u-container-style u-image u-slide u-image-11\" data-image-width=\"1133\" data-image-height=\"850\" style=\"background-image: url(&quot;https:\/\/www.netzwerkdemenz-landkreisneunkirchen.de\/wp-content\/uploads\/2025\/03\/csm_IMG_9853_e5e1362716.webp&quot;);\">\n              <div class=\"u-container-layout u-container-layout-11\"><\/div>\n            <\/div>\n            <div class=\"u-carousel-item u-container-style u-image u-slide u-image-12\" data-image-width=\"1133\" data-image-height=\"850\" style=\"background-image: url(&quot;https:\/\/www.netzwerkdemenz-landkreisneunkirchen.de\/wp-content\/uploads\/2025\/03\/csm_IMG_9850_25a405e6c6.webp&quot;);\">\n              <div class=\"u-container-layout u-container-layout-12\"><\/div>\n            <\/div>\n            <div class=\"u-carousel-item u-container-style u-image u-slide u-image-13\" data-image-width=\"1133\" data-image-height=\"850\" style=\"background-image: url(&quot;https:\/\/www.netzwerkdemenz-landkreisneunkirchen.de\/wp-content\/uploads\/2025\/03\/csm_IMG_9858_04dc9edb87.webp&quot;);\">\n              <div class=\"u-container-layout u-container-layout-13\"><\/div>\n            <\/div>\n            <div class=\"u-carousel-item u-container-style u-image u-slide u-image-14\" data-image-width=\"1133\" data-image-height=\"850\" style=\"background-image: url(&quot;https:\/\/www.netzwerkdemenz-landkreisneunkirchen.de\/wp-content\/uploads\/2025\/03\/csm_IMG_9849_af45cea906.webp&quot;);\">\n              <div class=\"u-container-layout u-container-layout-14\"><\/div>\n            <\/div>\n            <div class=\"u-carousel-item u-container-align-center u-container-style u-image u-slide u-image-15\" data-image-width=\"1133\" data-image-height=\"850\" style=\"background-image: url(&quot;https:\/\/www.netzwerkdemenz-landkreisneunkirchen.de\/wp-content\/uploads\/2025\/03\/csm_IMG_9844_fdd3aadbc0.webp&quot;);\">\n              <div class=\"u-container-layout u-container-layout-15\"><\/div>\n            <\/div>\n            <div class=\"u-carousel-item u-container-align-center u-container-style u-image u-slide u-image-16\" data-image-width=\"1133\" data-image-height=\"850\" style=\"background-image: url(&quot;https:\/\/www.netzwerkdemenz-landkreisneunkirchen.de\/wp-content\/uploads\/2025\/03\/csm_IMG_9841_28d4425fba.webp&quot;);\">\n              <div class=\"u-container-layout u-container-layout-16\"><\/div>\n            <\/div>\n            <div class=\"u-carousel-item u-container-align-center u-container-style u-image u-slide u-image-17\" data-image-width=\"1133\" data-image-height=\"850\" style=\"background-image: url(&quot;https:\/\/www.netzwerkdemenz-landkreisneunkirchen.de\/wp-content\/uploads\/2025\/03\/csm_IMG_9843_b04c4976a4.webp&quot;);\">\n              <div class=\"u-container-layout u-container-layout-17\"><\/div>\n            <\/div>\n            <div class=\"u-carousel-item u-container-align-center u-container-style u-image u-slide u-image-18\" data-image-width=\"1133\" data-image-height=\"850\" style=\"background-image: url(&quot;https:\/\/www.netzwerkdemenz-landkreisneunkirchen.de\/wp-content\/uploads\/2025\/03\/csm_IMG_9839_18a0e936de.webp&quot;);\">\n              <div class=\"u-container-layout u-container-layout-18\"><\/div>\n            <\/div>\n            <div class=\"u-carousel-item u-container-align-center u-container-style u-image u-slide u-image-19\" data-image-width=\"1133\" data-image-height=\"850\" style=\"background-image: url(&quot;https:\/\/www.netzwerkdemenz-landkreisneunkirchen.de\/wp-content\/uploads\/2025\/03\/csm_IMG_9836_652b8815d3.webp&quot;);\">\n              <div class=\"u-container-layout u-container-layout-19\"><\/div>\n            <\/div>\n            <div class=\"u-carousel-item u-container-align-center u-container-style u-image u-slide u-image-20\" data-image-width=\"1133\" data-image-height=\"850\" style=\"background-image: url(&quot;https:\/\/www.netzwerkdemenz-landkreisneunkirchen.de\/wp-content\/uploads\/2025\/03\/csm_IMG_9832_2_34c2dd5c92.webp&quot;);\">\n              <div class=\"u-container-layout u-container-layout-20\"><\/div>\n            <\/div>\n            <div class=\"u-carousel-item u-container-align-center u-container-style u-image u-slide u-image-21\" data-image-width=\"1133\" data-image-height=\"850\" style=\"background-image: url(&quot;https:\/\/www.netzwerkdemenz-landkreisneunkirchen.de\/wp-content\/uploads\/2025\/03\/csm_IMG_9833_1c59f3e319.webp&quot;);\">\n              <div class=\"u-container-layout u-container-layout-21\"><\/div>\n            <\/div>\n          <\/div>\n          <a class=\"u-absolute-vcenter u-carousel-control u-carousel-control-prev u-spacing-5 u-text-grey-30 u-carousel-control-1\" href=\"#carousel-fbf2\" role=\"button\" data-u-slide=\"prev\">\n            <span aria-hidden=\"true\">\n              <svg viewBox=\"0 0 477.175 477.175\"><path d=\"M145.188,238.575l215.5-215.5c5.3-5.3,5.3-13.8,0-19.1s-13.8-5.3-19.1,0l-225.1,225.1c-5.3,5.3-5.3,13.8,0,19.1l225.1,225\n                    c2.6,2.6,6.1,4,9.5,4s6.9-1.3,9.5-4c5.3-5.3,5.3-13.8,0-19.1L145.188,238.575z\"><\/path><\/svg>\n            <\/span>\n            <span class=\"sr-only\">Previous<\/span>\n          <\/a>\n          <a class=\"u-absolute-vcenter u-carousel-control u-carousel-control-next u-spacing-5 u-text-grey-30 u-carousel-control-2\" href=\"#carousel-fbf2\" role=\"button\" data-u-slide=\"next\">\n            <span aria-hidden=\"true\">\n              <svg viewBox=\"0 0 477.175 477.175\"><path d=\"M360.731,229.075l-225.1-225.1c-5.3-5.3-13.8-5.3-19.1,0s-5.3,13.8,0,19.1l215.5,215.5l-215.5,215.5\n                    c-5.3,5.3-5.3,13.8,0,19.1c2.6,2.6,6.1,4,9.5,4c3.4,0,6.9-1.3,9.5-4l225.1-225.1C365.931,242.875,365.931,234.275,360.731,229.075z\"><\/path><\/svg>\n            <\/span>\n            <span class=\"sr-only\">Next<\/span>\n          <\/a>\n        <\/div>\n        <p class=\"u-align-left u-text u-text-body-color u-text-2\">\n          <span style=\"font-weight: 700;\"> Demenz Kompakt im Rahmen des Infotag f\u00fcr \u00c4ltere und Menschen mit Behinderungen am 20.09.19 in der Neuen Gebl\u00e4sehalle Neunkirchen <\/span>\n          <br>Ein toller Erfolg f\u00fcr die Veranstalter. Zum 19. Mal veranstaltete die Leitstelle \u201e\u00c4lter werden\u201c des Landkreises zusammen mit dem Seniorenb\u00fcro\/Seniorenbeirat der Kreisstadt Neunkirchen seinen schon traditionellen Informationstag f\u00fcr \u00c4ltere und Menschen mit Behinderungen. Im Mittelpunkt stand dieses Jahr das weitgef\u00e4cherte Thema Demenz. Das regionale Netzwerk Demenz im Landkreis Neunkirchen mit seinen rund 80 Kooperationspartnern pr\u00e4sentierte sich an diesem Tag erfolgreich am Stand des Demenzvereins und informierten die Besucher \u00fcber die bestehenden Leistungs- und Beratungsangebote f\u00fcr dementiell erkrankte Menschen sowie auch pflegende Angeh\u00f6rige in der Region. Der gro\u00dfe Zuspruch an diesem Stand sowie die sehr gut besuchten Fachvortr\u00e4ge (z.B. mit Prof. Tobias Hartmann von den Universit\u00e4tskliniken Homburg, Herrn Martin Eisenbeis vom Betreuungsverein und Frau Petra Nix vom Demenzverein) zeigen dass das Thema Demenz inzwischen in der Mitte unserer Gesellschaft angekommen ist.\n        <\/p>\n        <a href=\"https:\/\/www.netzwerkdemenz-landkreisneunkirchen.de\/?page_id=78\" class=\"u-border-none u-btn u-btn-round u-button-style u-custom-color-118 u-radius u-btn-1\">Z<span style=\"font-weight: 700;\"><\/span>ur\u00fcck\n        <\/a>\n      <\/div>\n    <\/section>\n    <section class=\"u-align-left u-clearfix u-container-align-left u-container-align-left-xl u-custom-color-221 u-lightbox u-section-6\" id=\"2020Maske\">\n      <div class=\"u-clearfix u-sheet u-valign-middle-lg u-valign-middle-md u-valign-middle-sm u-valign-middle-xl u-sheet-1\">\n        <h2 class=\"u-align-left u-text u-text-1\"> 17. Jun 2019 <br>Plattform f\u00fcr Beratungsangebote rund um das Thema Demenz\n        <\/h2>\n        <div data-interval=\"5000\" data-u-ride=\"carousel\" class=\"custom-expanded u-carousel u-slider u-slider-1\" id=\"carousel-9341\">\n          <ol class=\"u-absolute-hcenter u-carousel-indicators u-carousel-indicators-1\">\n            <li data-u-target=\"#carousel-9341\" class=\"u-active u-active-grey-10 u-grey-30 u-shape-circle\" data-u-slide-to=\"0\" style=\"width: 10px; height: 10px;\"><\/li>\n            <li data-u-target=\"#carousel-9341\" class=\"u-active-grey-10 u-grey-30 u-shape-circle\" data-u-slide-to=\"1\" style=\"width: 10px; height: 10px;\"><\/li>\n            <li data-u-target=\"#carousel-9341\" class=\"u-active-grey-10 u-grey-30 u-shape-circle\" data-u-slide-to=\"2\" style=\"width: 10px; height: 10px;\"><\/li>\n            <li data-u-target=\"#carousel-9341\" class=\"u-active-grey-10 u-grey-30 u-shape-circle\" data-u-slide-to=\"3\" style=\"width: 10px; height: 10px;\"><\/li>\n            <li data-u-target=\"#carousel-9341\" class=\"u-active-grey-10 u-grey-30 u-shape-circle\" data-u-slide-to=\"4\" style=\"width: 10px; height: 10px;\"><\/li>\n            <li data-u-target=\"#carousel-9341\" class=\"u-active-grey-10 u-grey-30 u-shape-circle\" data-u-slide-to=\"5\" style=\"width: 10px; height: 10px;\"><\/li>\n            <li data-u-target=\"#carousel-9341\" class=\"u-active-grey-10 u-grey-30 u-shape-circle\" data-u-slide-to=\"6\" style=\"width: 10px; height: 10px;\"><\/li>\n            <li data-u-target=\"#carousel-9341\" class=\"u-active-grey-10 u-grey-30 u-shape-circle\" data-u-slide-to=\"7\" style=\"width: 10px; height: 10px;\"><\/li>\n            <li data-u-target=\"#carousel-9341\" class=\"u-active-grey-10 u-grey-30 u-shape-circle\" data-u-slide-to=\"8\" style=\"width: 10px; height: 10px;\"><\/li>\n            <li data-u-target=\"#carousel-9341\" class=\"u-active-grey-10 u-grey-30 u-shape-circle\" data-u-slide-to=\"9\" style=\"width: 10px; height: 10px;\"><\/li>\n            <li data-u-target=\"#carousel-9341\" class=\"u-active-grey-10 u-grey-30 u-shape-circle\" data-u-slide-to=\"10\" style=\"width: 10px; height: 10px;\"><\/li>\n            <li data-u-target=\"#carousel-9341\" class=\"u-active-grey-10 u-grey-30 u-shape-circle\" data-u-slide-to=\"11\" style=\"width: 10px; height: 10px;\"><\/li>\n            <li data-u-target=\"#carousel-9341\" class=\"u-active-grey-10 u-grey-30 u-shape-circle\" data-u-slide-to=\"12\" style=\"width: 10px; height: 10px;\"><\/li>\n            <li data-u-target=\"#carousel-9341\" class=\"u-active-grey-10 u-grey-30 u-shape-circle\" data-u-slide-to=\"13\" style=\"width: 10px; height: 10px;\"><\/li>\n            <li data-u-target=\"#carousel-9341\" class=\"u-active-grey-10 u-grey-30 u-shape-circle\" data-u-slide-to=\"14\" style=\"width: 10px; height: 10px;\"><\/li>\n          <\/ol>\n          <div class=\"u-carousel-inner\" role=\"listbox\">\n            <div class=\"u-active u-carousel-item u-container-align-center u-container-style u-image u-slide u-image-1\" data-image-width=\"1276\" data-image-height=\"850\" style=\"background-image: url(&quot;https:\/\/www.netzwerkdemenz-landkreisneunkirchen.de\/wp-content\/uploads\/2025\/03\/csm_NetzwerkDemenz015_7aebf5d9ca.webp&quot;);\">\n              <div class=\"u-container-layout u-container-layout-1\"><\/div>\n            <\/div>\n            <div class=\"u-carousel-item u-container-align-center u-container-style u-image u-slide u-image-2\" data-image-width=\"1276\" data-image-height=\"850\" style=\"background-image: url(&quot;https:\/\/www.netzwerkdemenz-landkreisneunkirchen.de\/wp-content\/uploads\/2025\/03\/csm_NetzwerkDemenz014_4a868d3a98.webp&quot;);\">\n              <div class=\"u-container-layout u-container-layout-2\"><\/div>\n            <\/div>\n            <div class=\"u-carousel-item u-container-align-center u-container-style u-image u-slide u-image-3\" data-image-width=\"1276\" data-image-height=\"850\" style=\"background-image: url(&quot;https:\/\/www.netzwerkdemenz-landkreisneunkirchen.de\/wp-content\/uploads\/2025\/03\/csm_NetzwerkDemenz013_48450aac75.webp&quot;);\">\n              <div class=\"u-container-layout u-container-layout-3\"><\/div>\n            <\/div>\n            <div class=\"u-carousel-item u-container-align-center u-container-style u-image u-slide u-image-4\" data-image-width=\"1276\" data-image-height=\"850\" style=\"background-image: url(&quot;https:\/\/www.netzwerkdemenz-landkreisneunkirchen.de\/wp-content\/uploads\/2025\/03\/csm_NetzwerkDemenz012_700751631b.webp&quot;);\">\n              <div class=\"u-container-layout u-container-layout-4\"><\/div>\n            <\/div>\n            <div class=\"u-carousel-item u-container-align-center u-container-style u-image u-slide u-image-5\" data-image-width=\"1276\" data-image-height=\"850\" style=\"background-image: url(&quot;https:\/\/www.netzwerkdemenz-landkreisneunkirchen.de\/wp-content\/uploads\/2025\/03\/csm_NetzwerkDemenz011_2e7f7874c8.webp&quot;);\">\n              <div class=\"u-container-layout u-container-layout-5\"><\/div>\n            <\/div>\n            <div class=\"u-carousel-item u-container-align-center u-container-style u-image u-slide u-image-6\" data-image-width=\"1276\" data-image-height=\"850\" style=\"background-image: url(&quot;https:\/\/www.netzwerkdemenz-landkreisneunkirchen.de\/wp-content\/uploads\/2025\/03\/csm_NetzwerkDemenz010_e51d8234b9.webp&quot;);\">\n              <div class=\"u-container-layout u-container-layout-6\"><\/div>\n            <\/div>\n            <div class=\"u-carousel-item u-container-align-center u-container-style u-image u-slide u-image-7\" data-image-width=\"1276\" data-image-height=\"850\" style=\"background-image: url(&quot;https:\/\/www.netzwerkdemenz-landkreisneunkirchen.de\/wp-content\/uploads\/2025\/03\/csm_NetzwerkDemenz008_9b355384b2.webp&quot;);\">\n              <div class=\"u-container-layout u-container-layout-7\"><\/div>\n            <\/div>\n            <div class=\"u-carousel-item u-container-align-center u-container-style u-image u-slide u-image-8\" data-image-width=\"1276\" data-image-height=\"850\" style=\"background-image: url(&quot;https:\/\/www.netzwerkdemenz-landkreisneunkirchen.de\/wp-content\/uploads\/2025\/03\/csm_NetzwerkDemenz009_b425da1336.webp&quot;);\">\n              <div class=\"u-container-layout u-container-layout-8\"><\/div>\n            <\/div>\n            <div class=\"u-carousel-item u-container-align-center u-container-style u-image u-slide u-image-9\" data-image-width=\"1276\" data-image-height=\"850\" style=\"background-image: url(&quot;https:\/\/www.netzwerkdemenz-landkreisneunkirchen.de\/wp-content\/uploads\/2025\/03\/csm_NetzwerkDemenz007_9f47e5c965.webp&quot;);\">\n              <div class=\"u-container-layout u-container-layout-9\"><\/div>\n            <\/div>\n            <div class=\"u-carousel-item u-container-align-center u-container-style u-image u-slide u-image-10\" data-image-width=\"1276\" data-image-height=\"850\" style=\"background-image: url(&quot;https:\/\/www.netzwerkdemenz-landkreisneunkirchen.de\/wp-content\/uploads\/2025\/03\/csm_NetzwerkDemenz006_de6f235f51.webp&quot;);\">\n              <div class=\"u-container-layout u-container-layout-10\"><\/div>\n            <\/div>\n            <div class=\"u-carousel-item u-container-align-center u-container-style u-image u-slide u-image-11\" data-image-width=\"1276\" data-image-height=\"850\" style=\"background-image: url(&quot;https:\/\/www.netzwerkdemenz-landkreisneunkirchen.de\/wp-content\/uploads\/2025\/03\/csm_NetzwerkDemenz002_f4f29ca700.webp&quot;);\">\n              <div class=\"u-container-layout u-container-layout-11\"><\/div>\n            <\/div>\n            <div class=\"u-carousel-item u-container-align-center u-container-style u-image u-slide u-image-12\" data-image-width=\"1276\" data-image-height=\"850\" style=\"background-image: url(&quot;https:\/\/www.netzwerkdemenz-landkreisneunkirchen.de\/wp-content\/uploads\/2025\/03\/csm_NetzwerkDemenz004_d175fd6915.webp&quot;);\">\n              <div class=\"u-container-layout u-container-layout-12\"><\/div>\n            <\/div>\n            <div class=\"u-carousel-item u-container-align-center u-container-style u-image u-slide u-image-13\" data-image-width=\"1276\" data-image-height=\"850\" style=\"background-image: url(&quot;https:\/\/www.netzwerkdemenz-landkreisneunkirchen.de\/wp-content\/uploads\/2025\/03\/csm_NetzwerkDemenz005_edc2eda77c.webp&quot;);\">\n              <div class=\"u-container-layout u-container-layout-13\"><\/div>\n            <\/div>\n            <div class=\"u-carousel-item u-container-align-center u-container-style u-image u-slide u-image-14\" data-image-width=\"1276\" data-image-height=\"850\" style=\"background-image: url(&quot;https:\/\/www.netzwerkdemenz-landkreisneunkirchen.de\/wp-content\/uploads\/2025\/03\/csm_NetzwerkDemenz003_f54a1febac.webp&quot;);\">\n              <div class=\"u-container-layout u-container-layout-14\"><\/div>\n            <\/div>\n            <div class=\"u-carousel-item u-container-align-center u-container-style u-image u-slide u-image-15\" data-image-width=\"1276\" data-image-height=\"850\" style=\"background-image: url(&quot;https:\/\/www.netzwerkdemenz-landkreisneunkirchen.de\/wp-content\/uploads\/2025\/03\/csm_NetzwerkDemenz001_149505e761.webp&quot;);\">\n              <div class=\"u-container-layout u-container-layout-15\"><\/div>\n            <\/div>\n          <\/div>\n          <a class=\"u-absolute-vcenter u-carousel-control u-carousel-control-prev u-spacing-5 u-text-grey-30 u-carousel-control-1\" href=\"#carousel-9341\" role=\"button\" data-u-slide=\"prev\">\n            <span aria-hidden=\"true\">\n              <svg viewBox=\"0 0 477.175 477.175\"><path d=\"M145.188,238.575l215.5-215.5c5.3-5.3,5.3-13.8,0-19.1s-13.8-5.3-19.1,0l-225.1,225.1c-5.3,5.3-5.3,13.8,0,19.1l225.1,225\n                    c2.6,2.6,6.1,4,9.5,4s6.9-1.3,9.5-4c5.3-5.3,5.3-13.8,0-19.1L145.188,238.575z\"><\/path><\/svg>\n            <\/span>\n            <span class=\"sr-only\">Previous<\/span>\n          <\/a>\n          <a class=\"u-absolute-vcenter u-carousel-control u-carousel-control-next u-spacing-5 u-text-grey-30 u-carousel-control-2\" href=\"#carousel-9341\" role=\"button\" data-u-slide=\"next\">\n            <span aria-hidden=\"true\">\n              <svg viewBox=\"0 0 477.175 477.175\"><path d=\"M360.731,229.075l-225.1-225.1c-5.3-5.3-13.8-5.3-19.1,0s-5.3,13.8,0,19.1l215.5,215.5l-215.5,215.5\n                    c-5.3,5.3-5.3,13.8,0,19.1c2.6,2.6,6.1,4,9.5,4c3.4,0,6.9-1.3,9.5-4l225.1-225.1C365.931,242.875,365.931,234.275,360.731,229.075z\"><\/path><\/svg>\n            <\/span>\n            <span class=\"sr-only\">Next<\/span>\n          <\/a>\n        <\/div>\n        <p class=\"u-align-left u-text u-text-body-color u-text-2\" data-animation-name=\"\" data-animation-duration=\"0\" data-animation-delay=\"0\" data-animation-direction=\"\">\n          <span style=\"font-weight: 700;\"> Neues Angebot des Demenzvereins<\/span>\n          <br>\n          <br> Der Demenzverein im Landkreis Neunkirchen pr\u00e4sentiert eine neue Onlineplattform. \u201eDie Onlineplattform NetzwerkDemenz pr\u00e4sentiert das Leistungsspektrum und die ehrenamtlichen Angebote rund um Demenz in unserer Region auf einen Blick. Wir haben ein gutes Angebot f\u00fcr Erkrankte und Angeh\u00f6rige im Landkreis Neunkirchen \u2013 fortan wird dies auch transparent f\u00fcr die B\u00fcrgerinnen und B\u00fcrger online abrufbar sein\u201c, beschreibt S\u00f6ren Meng, Vorsitzender des Demenzvereins, die neue Plattform.<br>\n          <br>Die Angebote \u00fcber 80 Kooperationspartner, die in der Versorgung dementiell erkrankter Menschen und pflegender Angeh\u00f6riger im Landkreis Neunkirchen aktiv sind, werden auf der Plattform anschaulich dargestellt. Kooperationspartner sind u. a. ambulante, station\u00e4re und teilstation\u00e4re Einrichtungen der Pflege, die kreisangeh\u00f6rigen Kommunen, der Landkreis Neunkirchen, in der Region t\u00e4tige Kranken- und Pflegekassen, private Versicherungsunternehmen, Wohlfahrts\u00adverb\u00e4nde und andere Organisationen im Gesundheits- und Sozialwesen sowie der Altenhilfe (Gesundheitsamt, Sozialverwaltung, Pflegest\u00fctzpunkt etc.). Aber auch Betroffene, pflegende Angeh\u00f6rige, Selbsthilfegruppen, Demenzcaf\u00e9s, und anerkannte private Leistungserbringer von Betreuungs- und Entlastungsangeboten sollen sich im NetzwerkDemenz wiederfinden.<br>\n          <br>Es besteht die M\u00f6glichkeit, sich mit Hilfe verschiedener Suchbegriffe (auf einer Kreiskarte) einen \u00dcberblick hinsichtlich Hilfe- und Beratungsstrukturen bei Demenz im Landkreis zu verschaffen. Hinweise zu Veranstaltungen, interessanten Artikel aus Presse und Foren zum Thema Demenz, aktuelle Rechtssprecher etc. werden von den Kooperationspartnern eingestellt und k\u00f6nnen von Nutzern aufgerufen werden.<br>\n          <br>Das Netzwerk Demenz hat der Demenzverein im Landkreis Neunkirchen im vergangenen Jahr initiiert. Seit 2003 engagiert sich der Demenzverein &nbsp;bereits im Landkreis Neunkirchen f\u00fcr Menschen, die an Demenz erkrankt sind und ihre Angeh\u00f6rigen.<br>\n          <br>\n          <span style=\"letter-spacing: -0.1px; line-height: 1.4;\"><u>\n              <a href=\"https:\/\/www.netzwerkdemenz-landkreisneunkirchen.de\/\" class=\"u-border-none u-btn u-button-link u-button-style u-hover-none u-none u-text-hover-palette-4-base u-text-palette-1-base u-btn-1\">www.netzwerkdemenz-landkreisneunkirchen.de<\/a><\/u>\n          <\/span>\n        <\/p>\n        <a href=\"https:\/\/www.netzwerkdemenz-landkreisneunkirchen.de\/?page_id=78\" class=\"u-border-none u-btn u-btn-round u-button-style u-custom-color-105 u-radius u-btn-2\">Z<span style=\"font-weight: 700;\"><\/span>ur\u00fcck\n        <\/a>\n      <\/div>\n    <\/section>\n    <section class=\"u-align-left u-clearfix u-container-align-left u-lightbox u-section-7\" id=\"2020Vergiss\">\n      <div class=\"u-clearfix u-sheet u-valign-middle-lg u-sheet-1\">\n        <h2 class=\"u-align-left u-text u-text-1\"> 11. M\u00e4r 2019<br> Landrat pflanzt \u201eVergiss-Mein-Nicht\u201c\n        <\/h2>\n        <p class=\"u-align-left u-text u-text-body-color u-text-2\" data-animation-name=\"\" data-animation-duration=\"0\" data-animation-delay=\"0\" data-animation-direction=\"\">\n          <span style=\"font-weight: 700;\"> Sensibilisierung f\u00fcr Demenzerkrankungen<\/span>\n          <br>\n          <br>\n          <span style=\"font-weight: 700;\"><\/span>Das Ministerium f\u00fcr Soziales, Gesundheit, Frauen und Familie veranstaltet im M\u00e4rz eine landesweite Pflanzaktion \u201eVergiss-Mein-Nicht\u201c im Rahmen der Sensibilisierungskampagne \u201eDemenz geht uns Alle an\u201c. Durch die Pflanzung der Blumen an \u00f6ffentlichen Pl\u00e4tzen soll ein Zeichen gesetzt werden unter dem Motto \u201eGemeinsam f\u00fcr ein demenzfreundliches Saarland\u201c.<br>\n          <br>Landrat S\u00f6ren Meng griff dieses wichtige Thema gerne auf und unterst\u00fctzte die Aktion im Interesse erkrankter Menschen und ihrer Angeh\u00f6rigen. \u201eAls Landrat und als Vorsitzender des Demenzvereines im Landkreis bin ich froh, dass es in den letzten Jahren gelungen ist, ein verl\u00e4ssliches Hilfenetzwerk f\u00fcr an Demenz-Erkrankte und ihre Angeh\u00f6rigen auszubauen. Hier leisten der Pflegest\u00fctzpunkt, unsere Leitstelle \u201e\u00c4lter werden\u201c, die Tr\u00e4ger und nat\u00fcrlich auch die \u00c4rzte wichtige Arbeit. Diese Pflanzaktion soll eines \u00f6ffentlich machen: Im Landkreis Neunkirchen bleibt keiner ohne Hilfe\u201c, so S\u00f6ren Meng\n        <\/p>\n        <img decoding=\"async\" class=\"custom-expanded u-align-right u-image u-image-contain u-image-round u-radius u-image-1\" src=\"https:\/\/www.netzwerkdemenz-landkreisneunkirchen.de\/wp-content\/uploads\/2025\/03\/csm_pflanzaktion_demenz_0873e28b42.webp\" alt=\"\" data-image-width=\"767\" data-image-height=\"575\">\n        <p class=\"u-align-left u-small-text u-text u-text-variant u-text-3\"> Landrat S\u00f6ren Meng (rechts unten) pflanzte mit B\u00fcrgermeisterin Birgit M\u00fcller-Closset (mitte unten) Vergiss-Mein-Nicht auf dem Freizeitzentru\u200bm des Kreises in Dirmingen. Unterst\u00fctzt wurden sie vom G\u00e4rtnerteam unter der Leitung von Oliver Martin (links unten). Sabine Schmitt (m.) von der Leitstelle \u00c4lter und Volker Schwarz (r.) vom Demenzverein sind die Ansprechpartner f\u00fcr Demenzerkrankte und ihre Angeh\u00f6rigen.<\/p>\n        <a href=\"https:\/\/www.netzwerkdemenz-landkreisneunkirchen.de\/?page_id=78\" class=\"u-border-none u-btn u-btn-round u-button-style u-custom-color-105 u-radius u-btn-1\">Z<span style=\"font-weight: 700;\"><\/span>ur\u00fcck\n        <\/a>\n      <\/div>\n    <\/section>\n    <section class=\"u-align-left u-clearfix u-container-align-left u-custom-color-115 u-lightbox u-section-8\" id=\"2020Ausstellung\">\n      <div class=\"u-clearfix u-sheet u-valign-middle-xs u-sheet-1\">\n        <h2 class=\"u-align-left u-text u-text-1\"> 20. Feb 2019<br> Crash-Kurs \"Demenz verstehen\"\n        <\/h2>\n        <img decoding=\"async\" class=\"u-image u-image-contain u-image-default u-preserve-proportions u-image-1\" src=\"https:\/\/www.netzwerkdemenz-landkreisneunkirchen.de\/wp-content\/uploads\/2025\/03\/csm_cafe_segen2_a9824a8852-1.webp\" alt=\"\" data-image-width=\"767\" data-image-height=\"767\">\n        <p class=\"u-align-left u-text u-text-body-color u-text-2\">\n          <span style=\"font-weight: 700;\"> Crash-Kurs zum Thema Demenz verstehen<\/span>\n          <br>\n          <br>\n          <span style=\"font-weight: 700;\"><\/span>Termine: <br>\n          <br>20.02.2019 <br>20.03.2019 <br>17.04.2019 <br>15.05.2019 <br>Jeweils von 19.30 - 21.00 Uhr<br>\n          <br>Ort: Caf\u00e9 Segen, Parkstr. 44, 66578 Schiffweiler\n        <\/p>\n        <img decoding=\"async\" class=\"u-align-right u-file-link u-image u-image-default u-preserve-proportions u-image-2\" src=\"https:\/\/www.netzwerkdemenz-landkreisneunkirchen.de\/wp-content\/uploads\/2025\/03\/csm_20190116_Plakat_Infoblatt_Crash-Kurs_Demenz_verstehen_e6b494404b.webp\" alt=\"\" data-image-width=\"595\" data-image-height=\"842\" data-href=\"https:\/\/www.netzwerkdemenz-landkreisneunkirchen.de\/fileadmin\/user_upload\/demenz_nk\/Netzwerk\/PDF\/20190116_Plakat_Infoblatt_Crash-Kurs_Demenz_verstehen.pdf\" data-target=\"_blank\">\n        <p class=\"u-align-left u-small-text u-text u-text-variant u-text-3\" data-animation-name=\"\" data-animation-duration=\"0\" data-animation-delay=\"0\" data-animation-direction=\"\">Infoblatt&nbsp; Demenz verstehen&nbsp;<\/p>\n        <a href=\"https:\/\/www.netzwerkdemenz-landkreisneunkirchen.de\/?page_id=78\" class=\"u-border-none u-btn u-btn-round u-button-style u-custom-color-105 u-radius u-btn-1\">Z<span style=\"font-weight: 700;\"><\/span>ur\u00fcck\n        <\/a>\n      <\/div>\n    <\/section>\n    <section class=\"u-align-left u-clearfix u-container-align-left u-lightbox u-white u-section-9\" id=\"sec-7cf5\">\n      <div class=\"u-clearfix u-sheet u-valign-middle-md u-sheet-1\">\n        <h2 class=\"u-align-left u-text u-text-1\"> 1. Jan 2019<br> Neue Demenz Kurse f\u00fcr 2019\n        <\/h2>\n        <img decoding=\"async\" class=\"u-expanded-width-xs u-image u-image-contain u-image-default u-image-1\" src=\"https:\/\/www.netzwerkdemenz-landkreisneunkirchen.de\/wp-content\/uploads\/2025\/03\/csm_drk_28f9e299ef.webp\" alt=\"\" data-image-width=\"1920\" data-image-height=\"658\">\n        <img decoding=\"async\" class=\"custom-expanded u-file-link u-image u-image-contain u-image-default u-image-2\" src=\"https:\/\/www.netzwerkdemenz-landkreisneunkirchen.de\/wp-content\/uploads\/2025\/03\/csm_Kursplanung_Demenzkurse_2019_b158e2daf7.webp\" alt=\"\" data-image-width=\"595\" data-image-height=\"842\" data-href=\"https:\/\/www.netzwerkdemenz-landkreisneunkirchen.de\/fileadmin\/user_upload\/demenz_nk\/Netzwerk\/PDF\/Kursplanung_Demenzkurse_2019.pdf\" data-target=\"_blank\">\n        <p class=\"u-align-left u-text u-text-body-color u-text-2\">\n          <span style=\"font-weight: 700;\"><\/span>Termine f\u00fcr 2019 online<br>\n        <\/p>\n        <a href=\"https:\/\/www.netzwerkdemenz-landkreisneunkirchen.de\/?page_id=78\" class=\"u-border-none u-btn u-btn-round u-button-style u-custom-color-105 u-radius u-btn-1\">Z<span style=\"font-weight: 700;\"><\/span>ur\u00fcck\n        <\/a>\n        <p class=\"u-align-center u-small-text u-text u-text-variant u-text-3\" data-animation-name=\"\" data-animation-duration=\"0\" data-animation-delay=\"0\" data-animation-direction=\"\">Kursplan Demenzkurs\u200be 2019<\/p>\n      <\/div>\n    <\/section>\n    <section class=\"u-align-left u-clearfix u-container-align-left u-custom-color-203 u-lightbox u-section-10\" id=\"sec-773f\">\n      <div class=\"u-clearfix u-sheet u-valign-middle-lg u-valign-middle-sm u-sheet-1\">\n        <h2 class=\"u-align-left u-text u-text-1\"> 1. Jan 2019<br> Neue Pflegekurse f\u00fcr 2019\n        <\/h2>\n        <img decoding=\"async\" class=\"custom-expanded u-image u-image-contain u-image-1\" src=\"https:\/\/www.netzwerkdemenz-landkreisneunkirchen.de\/wp-content\/uploads\/2025\/03\/csm_drk_28f9e299ef.webp\" data-image-width=\"1920\" data-image-height=\"658\">\n        <img decoding=\"async\" class=\"u-file-link u-image u-image-contain u-image-default u-image-2\" src=\"https:\/\/www.netzwerkdemenz-landkreisneunkirchen.de\/wp-content\/uploads\/2025\/03\/csm_Kursplanung_Pflegekurse_1-2019_e718b51821.webp\" alt=\"\" data-image-width=\"842\" data-image-height=\"595\" data-href=\"https:\/\/www.netzwerkdemenz-landkreisneunkirchen.de\/fileadmin\/user_upload\/demenz_nk\/Netzwerk\/PDF\/Kursplanung_Pflegekurse_1-2019.pdf\" data-target=\"_blank\">\n        <p class=\"u-align-center u-small-text u-text u-text-variant u-text-2\" data-animation-name=\"\" data-animation-duration=\"0\" data-animation-delay=\"0\" data-animation-direction=\"\">Kursplan Pflegekurse 1 2019<\/p>\n        <p class=\"u-align-left u-text u-text-body-color u-text-3\">\n          <span style=\"font-weight: 700;\"><\/span>Termine f\u00fcr 2019 online<br>\n        <\/p>\n        <a href=\"https:\/\/www.netzwerkdemenz-landkreisneunkirchen.de\/?page_id=78\" class=\"u-border-none u-btn u-btn-round u-button-style u-custom-color-105 u-radius u-btn-1\">Z<span style=\"font-weight: 700;\"><\/span>ur\u00fcck\n        <\/a>\n      <\/div>\n    <\/section>\n    <section class=\"u-align-left u-clearfix u-container-align-left u-lightbox u-white u-section-11\" id=\"sec-afdb\">\n      <div class=\"u-clearfix u-sheet u-sheet-1\">\n        <h2 class=\"u-align-left u-text u-text-1\"> 20. Nov 2018<br> Workshop f\u00fcr das Netzwerk\n        <\/h2>\n        <p class=\"u-align-left u-text u-text-body-color u-text-2\">\n          <span style=\"font-weight: 700;\"><\/span>\n          <span style=\"font-weight: 700;\">Die Netzwerkpartner finden zusammen<\/span>\n          <br>\n        <\/p>\n        <div data-interval=\"5000\" data-u-ride=\"carousel\" class=\"custom-expanded u-carousel u-slider u-slider-1\" id=\"carousel-023b\">\n          <ol class=\"u-absolute-hcenter u-carousel-indicators u-carousel-indicators-1\">\n            <li data-u-target=\"#carousel-023b\" class=\"u-active u-active-grey-10 u-grey-30 u-shape-circle\" data-u-slide-to=\"0\" style=\"width: 10px; height: 10px;\"><\/li>\n            <li data-u-target=\"#carousel-023b\" class=\"u-active-grey-10 u-grey-30 u-shape-circle\" data-u-slide-to=\"1\" style=\"width: 10px; height: 10px;\"><\/li>\n            <li data-u-target=\"#carousel-023b\" class=\"u-active-grey-10 u-grey-30 u-shape-circle\" data-u-slide-to=\"2\" style=\"width: 10px; height: 10px;\"><\/li>\n            <li data-u-target=\"#carousel-023b\" class=\"u-active-grey-10 u-grey-30 u-shape-circle\" data-u-slide-to=\"3\" style=\"width: 10px; height: 10px;\"><\/li>\n            <li data-u-target=\"#carousel-023b\" class=\"u-active-grey-10 u-grey-30 u-shape-circle\" data-u-slide-to=\"4\" style=\"width: 10px; height: 10px;\"><\/li>\n          <\/ol>\n          <div class=\"u-carousel-inner\" role=\"listbox\">\n            <div class=\"u-active u-carousel-item u-container-style u-image u-slide u-image-1\" data-image-width=\"1208\" data-image-height=\"850\" style=\"background-image: url(&quot;https:\/\/www.netzwerkdemenz-landkreisneunkirchen.de\/wp-content\/uploads\/2025\/03\/csm_netzwerk_demenz_7cf8a2d207.webp&quot;);\">\n              <div class=\"u-container-layout u-container-layout-1\"><\/div>\n            <\/div>\n            <div class=\"u-carousel-item u-container-align-center u-container-style u-image u-slide u-image-2\" data-image-width=\"1133\" data-image-height=\"850\" style=\"background-image: url(&quot;https:\/\/www.netzwerkdemenz-landkreisneunkirchen.de\/wp-content\/uploads\/2025\/03\/csm_46685091_319277468905844_7615547061047394304_n_9b3e9dfec0.webp&quot;);\">\n              <div class=\"u-container-layout u-container-layout-2\"><\/div>\n            <\/div>\n            <div class=\"u-carousel-item u-container-align-center u-container-style u-image u-slide u-image-3\" data-image-width=\"1133\" data-image-height=\"850\" style=\"background-image: url(&quot;https:\/\/www.netzwerkdemenz-landkreisneunkirchen.de\/wp-content\/uploads\/2025\/03\/csm_46489470_319277512239173_745289942409674752_n_94b3ef512a.webp&quot;);\">\n              <div class=\"u-container-layout u-container-layout-3\"><\/div>\n            <\/div>\n            <div class=\"u-carousel-item u-container-align-center u-container-style u-image u-slide u-image-4\" data-image-width=\"1133\" data-image-height=\"850\" style=\"background-image: url(&quot;https:\/\/www.netzwerkdemenz-landkreisneunkirchen.de\/wp-content\/uploads\/2025\/03\/csm_46480107_319277465572511_2644004995816488960_n_53bc1df604.webp&quot;);\">\n              <div class=\"u-container-layout u-container-layout-4\"><\/div>\n            <\/div>\n            <div class=\"u-carousel-item u-container-align-center u-container-style u-image u-slide u-image-5\" data-image-width=\"1133\" data-image-height=\"850\" style=\"background-image: url(&quot;https:\/\/www.netzwerkdemenz-landkreisneunkirchen.de\/wp-content\/uploads\/2025\/03\/csm_46471924_319277565572501_2121927815199719424_n_ac4c2ccf9a.webp&quot;);\">\n              <div class=\"u-container-layout u-container-layout-5\"><\/div>\n            <\/div>\n          <\/div>\n          <a class=\"u-absolute-vcenter u-carousel-control u-carousel-control-prev u-spacing-5 u-text-grey-30 u-carousel-control-1\" href=\"#carousel-023b\" role=\"button\" data-u-slide=\"prev\">\n            <span aria-hidden=\"true\">\n              <svg viewBox=\"0 0 477.175 477.175\"><path d=\"M145.188,238.575l215.5-215.5c5.3-5.3,5.3-13.8,0-19.1s-13.8-5.3-19.1,0l-225.1,225.1c-5.3,5.3-5.3,13.8,0,19.1l225.1,225\n                    c2.6,2.6,6.1,4,9.5,4s6.9-1.3,9.5-4c5.3-5.3,5.3-13.8,0-19.1L145.188,238.575z\"><\/path><\/svg>\n            <\/span>\n            <span class=\"sr-only\">Previous<\/span>\n          <\/a>\n          <a class=\"u-absolute-vcenter u-carousel-control u-carousel-control-next u-spacing-5 u-text-grey-30 u-carousel-control-2\" href=\"#carousel-023b\" role=\"button\" data-u-slide=\"next\">\n            <span aria-hidden=\"true\">\n              <svg viewBox=\"0 0 477.175 477.175\"><path d=\"M360.731,229.075l-225.1-225.1c-5.3-5.3-13.8-5.3-19.1,0s-5.3,13.8,0,19.1l215.5,215.5l-215.5,215.5\n                    c-5.3,5.3-5.3,13.8,0,19.1c2.6,2.6,6.1,4,9.5,4c3.4,0,6.9-1.3,9.5-4l225.1-225.1C365.931,242.875,365.931,234.275,360.731,229.075z\"><\/path><\/svg>\n            <\/span>\n            <span class=\"sr-only\">Next<\/span>\n          <\/a>\n        <\/div>\n        <a href=\"https:\/\/www.netzwerkdemenz-landkreisneunkirchen.de\/?page_id=78\" class=\"u-border-none u-btn u-btn-round u-button-style u-custom-color-105 u-radius u-btn-1\">Z<span style=\"font-weight: 700;\"><\/span>ur\u00fcck\n        <\/a>\n      <\/div>\n    <\/section>\n    \n    \n    \n  \n","protected":false},"excerpt":{"rendered":"<p>Unsere Nachrichten aus dem Jahr 2019 13. Nov 2019 Basisqualifikation 2020 f\u00fcr ehrenamtliche Demenzhelfer Alle Ausbildungsdetails sind online. Jetzt anmelden!!!&nbsp;(Anmeldeschluss 04.03.2020) Basisqualifikation 2020 des Landkreises Neunkirchen f\u00fcr Mitarbeiter ehrenamtlicher Betreuungsangebote &hellip; <a href=\"https:\/\/www.netzwerkdemenz-landkreisneunkirchen.de\/?page_id=978\" class=\"more-link\">Continue reading<span class=\"screen-reader-text\"> &#8222;2019 Meldungen&#8220;<\/span><\/a><\/p>\n","protected":false},"author":1,"featured_media":0,"parent":0,"menu_order":4,"comment_status":"closed","ping_status":"closed","template":"","meta":{"footnotes":""},"class_list":["post-978","page","type-page","status-publish","hentry"],"_links":{"self":[{"href":"https:\/\/www.netzwerkdemenz-landkreisneunkirchen.de\/index.php?rest_route=\/wp\/v2\/pages\/978","targetHints":{"allow":["GET"]}}],"collection":[{"href":"https:\/\/www.netzwerkdemenz-landkreisneunkirchen.de\/index.php?rest_route=\/wp\/v2\/pages"}],"about":[{"href":"https:\/\/www.netzwerkdemenz-landkreisneunkirchen.de\/index.php?rest_route=\/wp\/v2\/types\/page"}],"author":[{"embeddable":true,"href":"https:\/\/www.netzwerkdemenz-landkreisneunkirchen.de\/index.php?rest_route=\/wp\/v2\/users\/1"}],"replies":[{"embeddable":true,"href":"https:\/\/www.netzwerkdemenz-landkreisneunkirchen.de\/index.php?rest_route=%2Fwp%2Fv2%2Fcomments&post=978"}],"version-history":[{"count":15,"href":"https:\/\/www.netzwerkdemenz-landkreisneunkirchen.de\/index.php?rest_route=\/wp\/v2\/pages\/978\/revisions"}],"predecessor-version":[{"id":2254,"href":"https:\/\/www.netzwerkdemenz-landkreisneunkirchen.de\/index.php?rest_route=\/wp\/v2\/pages\/978\/revisions\/2254"}],"wp:attachment":[{"href":"https:\/\/www.netzwerkdemenz-landkreisneunkirchen.de\/index.php?rest_route=%2Fwp%2Fv2%2Fmedia&parent=978"}],"curies":[{"name":"wp","href":"https:\/\/api.w.org\/{rel}","templated":true}]}}